{"id":63925,"date":"2023-11-03T16:34:02","date_gmt":"2023-11-03T15:34:02","guid":{"rendered":"https:\/\/www.hendaye-tourisme.fr\/offres-sejours\/lugares-imprescindibles-de-hendaya\/"},"modified":"2024-10-08T16:38:20","modified_gmt":"2024-10-08T14:38:20","slug":"lugares-imprescindibles-de-hendaya","status":"publish","type":"sejour","link":"https:\/\/www.hendaye-tourisme.fr\/es\/offres-sejours\/lugares-imprescindibles-de-hendaya\/","title":{"rendered":"Lugares imprescindibles de Hendaya"},"content":{"rendered":"\n<div class=\"wp-block-columns is-layout-flex wp-container-core-columns-is-layout-9d6595d7 wp-block-columns-is-layout-flex\">\n<div class=\"wp-block-column is-layout-flow wp-block-column-is-layout-flow\" style=\"flex-basis:33.33%\"><div class=\"highlight-bloc-container \" id=\"ts-block-65368af54ee28\"  >\n\t<div class=\"highlight-bloc-content\">\n\t\t<div class=\"acf-innerblocks-container\">\n\n<h2 class=\"wp-block-heading suptitle\">Descubriendo a Antoine d&#8217;Abbadie.<\/h2>\n\n<\/div>\t<\/div>\n<\/div>\n<\/div>\n\n\n\n<div class=\"wp-block-column is-layout-flow wp-block-column-is-layout-flow\" style=\"flex-basis:66.66%\">\n<p>Descubra a Antoine d&#8217;Abbadie, un cient\u00edfico fuera de lo com\u00fan que vive en una casa igualmente fuera de lo com\u00fan. Pasee por las calles de Hendaya en el tren tur\u00edstico.<\/p>\n\n\n\n<p><\/p>\n<\/div>\n<\/div>\n\n\n\n<div style=\"height:20px\" aria-hidden=\"true\" class=\"wp-block-spacer\"><\/div>\n\n\n\n<h2 class=\"wp-block-heading\">El programa<\/h2>\n\n\n\n<div style=\"height:20px\" aria-hidden=\"true\" class=\"wp-block-spacer\"><\/div>\n\n\n\n<h3 class=\"wp-block-heading\">10.45 h: Visita guiada a <a href=\"https:\/\/www.hendaye-tourisme.fr\/decouvrir\/activites\/activites-culturelles\/chateau-abbadia\/\" data-type=\"page\" data-id=\"918\">Abbadia, el Castillo-Observatorio<\/a><\/h3>\n\n\n\n<p><strong><mark style=\"background-color:#e8f1f4\" class=\"has-inline-color\">Duraci\u00f3n: 50 minutos<\/mark> <\/strong><\/p>\n\n\n\n<p>Descubre una de las raras creaciones de Eug\u00e8ne Viollet-le-Duc.  <\/p>\n\n\n\n<p>Descubre la vida de Antoine d&#8217;Abbadie, explorador cient\u00edfico del siglo XIX y mecenas de la cultura vasca (50 minutos).  <\/p>\n\n\n\n<p>A continuaci\u00f3n, pasea libremente por el parque de estilo ingl\u00e9s, recientemente restaurado a su estado original. Creado por Eug\u00e8ne B\u00fclher en el siglo XIX, es una obra de arte por derecho propio, que combina en armon\u00eda funciones agr\u00edcolas, paisaj\u00edsticas y cient\u00edficas. <\/p>\n\n\n\n<div style=\"height:30px\" aria-hidden=\"true\" class=\"wp-block-spacer\"><\/div>\n\n\n\n<h3 class=\"wp-block-heading\">12.30 h: Comida  <\/h3>\n\n\n\n<p>Almuerzo en un restaurante frente a la playa en el puerto deportivo de Hendaya<\/p>\n\n\n\n<p><strong>En el men\u00fa<\/strong> <\/p>\n\n\n\n<p class=\"has-text-align-center\"><em>Ensalada templada de Chipirones o Tartar de salm\u00f3n, cilantro y vinagreta de c\u00edtricos <\/em><br><em><br>o Surtido de embutidos vascos<\/em><\/p>\n\n\n\n<p class=\"has-text-align-center\"><mark style=\"background-color:rgba(0, 0, 0, 0)\" class=\"has-inline-color has-blue-color\"><strong>***<\/strong><\/mark><\/p>\n\n\n\n<p class=\"has-text-align-center\"><em><br> <br>Lomo con patatas fritas y Piperade o Axoa, patatas asadas o merluza frita espa\u00f1ola<\/em><\/p>\n\n\n\n<p class=\"has-text-align-center\"><strong><mark style=\"background-color:rgba(0, 0, 0, 0)\" class=\"has-inline-color has-blue-color\">***<\/mark><\/strong><\/p>\n\n\n\n<p class=\"has-text-align-center\"><em><br><br><br><br>Queso de oveja con mermelada de cerezas negras o Mi-cuit de chocolate con natillas de Patxaran o Tiramis\u00fa de cerezas negras<\/em><\/p>\n\n\n\n<p class=\"has-text-align-center\"><mark style=\"background-color:rgba(0, 0, 0, 0)\" class=\"has-inline-color has-blue-color\"><strong>***<\/strong><\/mark><\/p>\n\n\n\n<p class=\"has-text-align-center\"><em>1\/4 de vino y caf\u00e9 incluidos.<\/em><\/p>\n\n\n\n<div style=\"height:30px\" aria-hidden=\"true\" class=\"wp-block-spacer\"><\/div>\n\n\n\n<h3 class=\"wp-block-heading\">15.30 h: Audiogu\u00eda en el trenecito tur\u00edstico<\/h3>\n\n\n\n<p><strong><mark style=\"background-color:#e8f1f4\" class=\"has-inline-color\">Duraci\u00f3n: 35 minutos<\/mark><\/strong><\/p>\n\n\n\n<p>Con una visita guiada al barrio de la \u00abPlaya\u00bb, seguida del barrio de las 70 casas catalogadas, la glorieta de la palmera centenaria y, por \u00faltimo, la bah\u00eda de Txingudi y su turbulenta historia.<\/p>\n\n\n\n<div style=\"height:30px\" aria-hidden=\"true\" class=\"wp-block-spacer\"><\/div>\n\n\n\n<h2 class=\"wp-block-heading\">Informaci\u00f3n<\/h2>\n\n\n\n<div class=\"wp-block-columns is-layout-flex wp-container-core-columns-is-layout-9d6595d7 wp-block-columns-is-layout-flex\">\n<div class=\"wp-block-column is-layout-flow wp-block-column-is-layout-flow\">\n<p><strong>La oferta incluye<\/strong>:<\/p>\n\n\n\n<ul class=\"wp-block-list\">\n<li>Visita guiada a Abbadia, el Castillo-Observatorio<\/li>\n\n\n\n<li>Almuerzo<\/li>\n\n\n\n<li>Visita guiada en minitren<\/li>\n<\/ul>\n<\/div>\n\n\n\n<div class=\"wp-block-column is-layout-flow wp-block-column-is-layout-flow\">\n<p><strong>La oferta no incluye :<\/strong><\/p>\n\n\n\n<ul class=\"wp-block-list\">\n<li>Bebidas distintas del caf\u00e9 y el vino incluidos en el men\u00fa y la sesi\u00f3n de degustaci\u00f3n<\/li>\n\n\n\n<li>Gastos personales<\/li>\n\n\n\n<li>Transporte en autob\u00fas<\/li>\n\n\n\n<li>Acompa\u00f1amiento de un lugar a otro por personal de Hendaya Tourisme<\/li>\n<\/ul>\n<\/div>\n<\/div>\n\n\n\n<p><strong>Opci\u00f3n<\/strong>:<\/p>\n\n\n\n<ul class=\"wp-block-list\">\n<li>acompa\u00f1ado por un gu\u00eda<\/li>\n<\/ul>\n\n\n\n<div style=\"height:30px\" aria-hidden=\"true\" class=\"wp-block-spacer\"><\/div>\n\n\n\n<p>Es probable que un menor n\u00famero de participantes afecte al precio.<\/p>\n\n\n\n<p class=\"has-small-font-size\">*<em>(precios a 01\/01\/24 &#8211; no contractuales, basados en 30 \u00f3 40 \u00f3 50 personas &#8211; <\/em>Men\u00fa s\u00f3lo a t\u00edtulo informativo<em>)<\/em><\/p>\n\n\n\n<div style=\"height:50px\" aria-hidden=\"true\" class=\"wp-block-spacer\"><\/div>\n\n\n\n<h2 class=\"wp-block-heading\">Informaci\u00f3n y reservas<\/h2>\n\n\n\n<div class=\"wp-block-columns has-light-blue-background-color has-background is-layout-flex wp-container-core-columns-is-layout-9d6595d7 wp-block-columns-is-layout-flex\">\n<div class=\"wp-block-column is-layout-flow wp-block-column-is-layout-flow\">\n<h3 class=\"wp-block-heading has-blue-color has-text-color\">Servicio de \u00abRecepci\u00f3n\u00bb<\/h3>\n\n\n\n<p class=\"has-text-align-left\">Abierto de lunes a viernes<br>9.00 -12.30 ; 14.00 &#8211; 17.30<\/p>\n\n\n\n<p>Tel : <strong><strong>+ 33 5 59 20 00 34<\/strong><\/strong><\/p>\n\n\n\n<div style=\"height:20px\" aria-hidden=\"true\" class=\"wp-block-spacer\"><\/div>\n<\/div>\n\n\n\n<div class=\"wp-block-column is-vertically-aligned-center is-layout-flow wp-block-column-is-layout-flow\">\n<p class=\"has-text-align-center\"><strong>\u00bfDesea reservar?<\/strong><br><strong>\u00bfDesea m\u00e1s informaci\u00f3n?<\/strong><br><strong>\u00bfPlanea unas vacaciones a medida?<\/strong><\/p>\n\n\n\n<div style=\"height:30px\" aria-hidden=\"true\" class=\"wp-block-spacer\"><\/div>\n\n\n\n<div class=\"wp-block-buttons is-content-justification-center is-layout-flex wp-container-core-buttons-is-layout-16018d1d wp-block-buttons-is-layout-flex\">\n<div class=\"wp-block-button\"><a class=\"wp-block-button__link wp-element-button\" href=\"https:\/\/form.jotform.com\/23252277019350\" target=\"_blank\" rel=\"noreferrer noopener\">Quiero presupuesto<\/a><\/div>\n<\/div>\n<\/div>\n<\/div>\n\n\n\n<div class=\"wp-block-columns is-layout-flex wp-container-core-columns-is-layout-9d6595d7 wp-block-columns-is-layout-flex\">\n<div class=\"wp-block-column is-layout-flow wp-block-column-is-layout-flow\"><\/div>\n\n\n\n<div class=\"wp-block-column is-layout-flow wp-block-column-is-layout-flow\"><\/div>\n<\/div>\n\n\n\n<p class=\"has-text-align-center\">Organizaci\u00f3n local autorizada a vender por decreto prefectoral<br>IM 064 1000 14 &#8211; APE : 7990 Z<\/p>\n","protected":false},"excerpt":{"rendered":"<p>Descubra a Antoine d&#8217;Abbadie, un cient\u00edfico fuera de lo com\u00fan que vive en una casa igualmente fuera de lo com\u00fan. Pasee por las calles de Hendaya en el tren tur\u00edstico. El programa 10.45 h: Visita guiada a Abbadia, el Castillo-Observatorio Duraci\u00f3n: 50 minutos Descubre una de las raras creaciones de [&hellip;]<\/p>\n","protected":false},"featured_media":1054,"template":"","class_list":["post-63925","sejour","type-sejour","status-publish","has-post-thumbnail","hentry"],"acf":[],"_links":{"self":[{"href":"https:\/\/www.hendaye-tourisme.fr\/es\/wp-json\/wp\/v2\/sejour\/63925","targetHints":{"allow":["GET"]}}],"collection":[{"href":"https:\/\/www.hendaye-tourisme.fr\/es\/wp-json\/wp\/v2\/sejour"}],"about":[{"href":"https:\/\/www.hendaye-tourisme.fr\/es\/wp-json\/wp\/v2\/types\/sejour"}],"wp:featuredmedia":[{"embeddable":true,"href":"https:\/\/www.hendaye-tourisme.fr\/es\/wp-json\/wp\/v2\/media\/1054"}],"wp:attachment":[{"href":"https:\/\/www.hendaye-tourisme.fr\/es\/wp-json\/wp\/v2\/media?parent=63925"}],"curies":[{"name":"wp","href":"https:\/\/api.w.org\/{rel}","templated":true}]}}