{"id":63810,"date":"2024-10-03T16:51:12","date_gmt":"2024-10-03T14:51:12","guid":{"rendered":"https:\/\/www.hendaye-tourisme.fr\/alrededores-de-hendaya\/bilbao\/"},"modified":"2024-10-04T11:54:20","modified_gmt":"2024-10-04T09:54:20","slug":"bilbao","status":"publish","type":"page","link":"https:\/\/www.hendaye-tourisme.fr\/es\/alrededores-de-hendaya\/bilbao\/","title":{"rendered":"Bilbao"},"content":{"rendered":"\n<div class=\"wp-block-columns is-layout-flex wp-container-core-columns-is-layout-9d6595d7 wp-block-columns-is-layout-flex\">\n<div class=\"wp-block-column is-layout-flow wp-block-column-is-layout-flow\" style=\"flex-basis:33.33%\"><div class=\"highlight-bloc-container \" id=\"ts-block-65368af54ee28\"  >\n\t<div class=\"highlight-bloc-content\">\n\t\t<div class=\"acf-innerblocks-container\">\n\n<h2 class=\"wp-block-heading suptitle\">La capital vizca\u00edna es una ciudad en pleno renacimiento<\/h2>\n\n<\/div>\t<\/div>\n<\/div>\n<\/div>\n\n\n\n<div class=\"wp-block-column is-layout-flow wp-block-column-is-layout-flow\" style=\"flex-basis:66.66%\">\n<p>Orgullosa de su pasado industrial, esta aglomeraci\u00f3n de 600.000 habitantes se ha metamorfoseado en un destino cultural y art\u00edstico de primer orden, gracias sobre todo al Museo Guggenheim.\nSu arquitectura contempor\u00e1nea, su ambiente din\u00e1mico y su gastronom\u00eda la convierten en una visita obligada. <\/p>\n\n\n\n<p> <br\/>Visita obligada, a 1h15 de Hendaya.<\/p>\n\n\n\n<p><strong>Visitas obligadas:<\/strong> el Museo Guggenheim, el Casco Viejo, el Puente Bizkaia, los pintxos&#8230;<\/p>\n<\/div>\n<\/div>\n\t<div id=\"ts-block-66573073d76ba\">\n\t\n\t\t<!-- Slider main container -->\n\t\t\t\t<div class=\"swiper-container\">\n\t\t\t<div class=\"swiper swiper-ts-block-66573073d76ba\" data-block_id=\"ts-block-66573073d76ba\">\n\t\t\n\t\t\t<div class=\"carrousel-container swiper-wrapper \" data-nb_col=\"3\">\n\t\t\t\t\t\t\t\t\t<article class=\"cover  swiper-slide\" style=\"min-height: 350px;\">\n\t\t\t\t\t\t\n\t<figure class=\"is-style-copyright\">\n\t\t<img decoding=\"async\" width=\"800\" height=\"533\" src=\"https:\/\/www.hendaye-tourisme.fr\/wp-content\/uploads\/2024\/10\/1-1-800x533.jpg\" class=\"attachment-medium size-medium\" alt=\"1-1 - Mus\u00e9e Guggenheim\" srcset=\"https:\/\/www.hendaye-tourisme.fr\/wp-content\/uploads\/2024\/10\/1-1-800x533.jpg 800w, https:\/\/www.hendaye-tourisme.fr\/wp-content\/uploads\/2024\/10\/1-1-1024x683.jpg 1024w, https:\/\/www.hendaye-tourisme.fr\/wp-content\/uploads\/2024\/10\/1-1-768x512.jpg 768w, https:\/\/www.hendaye-tourisme.fr\/wp-content\/uploads\/2024\/10\/1-1.jpg 1440w\" sizes=\"(max-width: 800px) 100vw, 800px\" \/>\t\t\t\t<figcaption class=\"carrousel-content has-text-align-center\" style=\"justify-content: center\">\n\t\t\t<div>\n\t\t\t\t<h3 class=\" \"><\/h3>\n\t\t\t\t\t\t\t<\/div>\n\t\t\t\t\t<\/figcaption>\n\t\t\t<\/figure>\n\t\n\n\n\n\t\t\t\t\t<\/article>\n\t\t\t\t\t\t\t\t\t<article class=\"cover  swiper-slide\" style=\"min-height: 350px;\">\n\t\t\t\t\t\t\n\t<figure class=\"is-style-copyright\">\n\t\t<img decoding=\"async\" width=\"390\" height=\"315\" src=\"https:\/\/www.hendaye-tourisme.fr\/wp-content\/uploads\/2024\/10\/torrecatedralsantiago.jpg\" class=\"attachment-medium size-medium\" alt=\"\" \/>\t\t\t\t<figcaption class=\"carrousel-content has-text-align-center\" style=\"justify-content: center\">\n\t\t\t<div>\n\t\t\t\t<h3 class=\" \"><\/h3>\n\t\t\t\t\t\t\t<\/div>\n\t\t\t\t\t<\/figcaption>\n\t\t\t\t\t<span class=\"image-credit\"><span class=\"copy-sign\">\u00a9<\/span><span class=\"copy-content\">Bilbao Pa\u00eds Vasco Euskadi 07-11-2013 Torre de la Catedral de Santiago en el Casco Viejo \u00a9 Fot\u00f3grafo: MITXI<\/span><\/span>\t\t\t\t\n\t\t\t<\/figure>\n\t\n\n\n\n\t\t\t\t\t<\/article>\n\t\t\t\t\t\t\t\t\t<article class=\"cover  swiper-slide\" style=\"min-height: 350px;\">\n\t\t\t\t\t\t\n\t<figure class=\"is-style-copyright\">\n\t\t<img decoding=\"async\" width=\"390\" height=\"315\" src=\"https:\/\/www.hendaye-tourisme.fr\/wp-content\/uploads\/2024\/10\/palacioeuskalduna2.jpg\" class=\"attachment-medium size-medium\" alt=\"Palacio+Euskalduna+2 - Bilbao Turismo\" \/>\t\t\t\t<figcaption class=\"carrousel-content has-text-align-center\" style=\"justify-content: center\">\n\t\t\t<div>\n\t\t\t\t<h3 class=\" \"><\/h3>\n\t\t\t\t\t\t\t<\/div>\n\t\t\t\t\t<\/figcaption>\n\t\t\t\t\t<span class=\"image-credit\"><span class=\"copy-sign\">\u00a9<\/span><span class=\"copy-content\">Bilbao Pa\u00eds Vasco Euskadi 07-10-2013 Palacio Euskalduna, Torre Iberdrola y San Mam\u00e9s \u00a9 Fot\u00f3grafo: MITXI<\/span><\/span>\t\t\t\t\n\t\t\t<\/figure>\n\t\n\n\n\n\t\t\t\t\t<\/article>\n\t\t\t\t\t\t\t\t\t<article class=\"cover  swiper-slide\" style=\"min-height: 350px;\">\n\t\t\t\t\t\t\n\t<figure class=\"is-style-copyright\">\n\t\t<img decoding=\"async\" width=\"390\" height=\"316\" src=\"https:\/\/www.hendaye-tourisme.fr\/wp-content\/uploads\/2024\/10\/10122013-qo5a0507.jpg\" class=\"attachment-medium size-medium\" alt=\"Bilbao 10-12-2013 El Puppy junto al Hotel Domine \u00a9 Fot\u00f3grafo: MITXIIsozaki+Atea - Bilbao Turismo\" \/>\t\t\t\t<figcaption class=\"carrousel-content has-text-align-center\" style=\"justify-content: center\">\n\t\t\t<div>\n\t\t\t\t<h3 class=\" \"><\/h3>\n\t\t\t\t\t\t\t<\/div>\n\t\t\t\t\t<\/figcaption>\n\t\t\t\t\t<span class=\"image-credit\"><span class=\"copy-sign\">\u00a9<\/span><span class=\"copy-content\">Bilbao 10-12-2013 El Puppy junto al Hotel Domine \u00a9 Fot\u00f3grafo: MITXI<\/span><\/span>\t\t\t\t\n\t\t\t<\/figure>\n\t\n\n\n\n\t\t\t\t\t<\/article>\n\t\t\t\t\t\t\t\t\t<article class=\"cover  swiper-slide\" style=\"min-height: 350px;\">\n\t\t\t\t\t\t\n\t<figure class=\"is-style-copyright\">\n\t\t<img decoding=\"async\" width=\"390\" height=\"315\" src=\"https:\/\/www.hendaye-tourisme.fr\/wp-content\/uploads\/2024\/10\/isozakiatea.jpg\" class=\"attachment-medium size-medium\" alt=\"Isozaki+Atea - Bilbao Turismo\" \/>\t\t\t\t<figcaption class=\"carrousel-content has-text-align-center\" style=\"justify-content: center\">\n\t\t\t<div>\n\t\t\t\t<h3 class=\" \"><\/h3>\n\t\t\t\t\t\t\t<\/div>\n\t\t\t\t\t<\/figcaption>\n\t\t\t\t\t<span class=\"image-credit\"><span class=\"copy-sign\">\u00a9<\/span><span class=\"copy-content\">Bilbao Pa\u00eds Vasco Euskadi 14-09-2013 La pasarela de Calatrava o puente Zubizuri \u00a9 FOTOGRAFO: MITXI<\/span><\/span>\t\t\t\t\n\t\t\t<\/figure>\n\t\n\n\n\n\t\t\t\t\t<\/article>\n\t\t\t\t\t\t\t\t\t<article class=\"cover  swiper-slide\" style=\"min-height: 350px;\">\n\t\t\t\t\t\t\n\t<figure class=\"is-style-copyright\">\n\t\t<img decoding=\"async\" width=\"390\" height=\"315\" src=\"https:\/\/www.hendaye-tourisme.fr\/wp-content\/uploads\/2024\/10\/ayuntamiento2.jpg\" class=\"attachment-medium size-medium\" alt=\"Ayuntamiento+(2) - Bilbao Turismo\" \/>\t\t\t\t<figcaption class=\"carrousel-content has-text-align-center\" style=\"justify-content: center\">\n\t\t\t<div>\n\t\t\t\t<h3 class=\" \"><\/h3>\n\t\t\t\t\t\t\t<\/div>\n\t\t\t\t\t<\/figcaption>\n\t\t\t\t\t<span class=\"image-credit\"><span class=\"copy-sign\">\u00a9<\/span><span class=\"copy-content\">Bilbao Pa\u00eds Vasco Euskadi 14-09-2013 El Ayuntamiento de Bilbao iluminado \u00a9 FOTOGRAFO: MITXI<\/span><\/span>\t\t\t\t\n\t\t\t<\/figure>\n\t\n\n\n\n\t\t\t\t\t<\/article>\n\t\t\t\t\t\t\t\t\t<article class=\"cover  swiper-slide\" style=\"min-height: 350px;\">\n\t\t\t\t\t\t\n\t<figure class=\"is-style-copyright\">\n\t\t<img decoding=\"async\" width=\"390\" height=\"315\" src=\"https:\/\/www.hendaye-tourisme.fr\/wp-content\/uploads\/2024\/10\/iglesiaypunetesananton5.jpg\" class=\"attachment-medium size-medium\" alt=\"Iglesia+y+punete+San+Ant\u00f3n+5 - Bilbao Turismo\" \/>\t\t\t\t<figcaption class=\"carrousel-content has-text-align-center\" style=\"justify-content: center\">\n\t\t\t<div>\n\t\t\t\t<h3 class=\" \"><\/h3>\n\t\t\t\t\t\t\t<\/div>\n\t\t\t\t\t<\/figcaption>\n\t\t\t\t\t<span class=\"image-credit\"><span class=\"copy-sign\">\u00a9<\/span><span class=\"copy-content\">Bilbao Pa\u00eds Vasco Euskadi 07-11-2013 Iglesia y puente de San Ant\u00f3n en el Casco Viejo \u00a9 Fot\u00f3grafo: MITXI<\/span><\/span>\t\t\t\t\n\t\t\t<\/figure>\n\t\n\n\n\n\t\t\t\t\t<\/article>\n\t\t\t\t\t\t\t<\/div>\n\t\t\t\n\t\t\t\t\t\t<!-- If we need pagination -->\n\t\t\t\t<!--<div class=\"swiper-pagination\"><\/div>-->\n\n\t\t\t<\/div>\n\t\t\t<!-- If we need navigation buttons -->\n\t\t\t<div\n\t\t\t\tclass=\"swiper-button-prev prev-ts-block-66573073d76ba\"\n\t\t\t\trole=\"button\"\n\t\t\t\ttabindex=\"0\"\n\t\t\t\taria-label=\"Diapositiva anterior\"\n\t\t\t>\n\t\t\t\t<span class=\"sr-only\">Diapositiva anterior<\/span>\n\t\t\t<\/div>\n\n\t\t\t<div\n\t\t\t\tclass=\"swiper-button-next next-ts-block-66573073d76ba\"\n\t\t\t\trole=\"button\"\n\t\t\t\ttabindex=\"0\"\n\t\t\t\taria-label=\"Diapositiva siguiente\"\n\t\t\t>\n\t\t\t\t<span class=\"sr-only\">Diapositiva siguiente<\/span>\n\t\t\t<\/div>\n\n\t\t<\/div>\n\t\t\t<\/div>\n\n<p><\/p>\n","protected":false},"excerpt":{"rendered":"<p>Orgullosa de su pasado industrial, esta aglomeraci\u00f3n de 600.000 habitantes se ha metamorfoseado en un destino cultural y art\u00edstico de primer orden, gracias sobre todo al Museo Guggenheim. Su arquitectura contempor\u00e1nea, su ambiente din\u00e1mico y su gastronom\u00eda la convierten en una visita obligada. Visita obligada, a 1h15 de Hendaya. Visitas [&hellip;]<\/p>\n","protected":false},"author":2,"featured_media":63740,"parent":15453,"menu_order":0,"comment_status":"closed","ping_status":"closed","template":"","meta":{"_acf_changed":false,"_seopress_robots_primary_cat":"","_seopress_titles_title":"","_seopress_titles_desc":"","_seopress_robots_index":"","footnotes":""},"class_list":["post-63810","page","type-page","status-publish","has-post-thumbnail","hentry"],"acf":[],"_links":{"self":[{"href":"https:\/\/www.hendaye-tourisme.fr\/es\/wp-json\/wp\/v2\/pages\/63810","targetHints":{"allow":["GET"]}}],"collection":[{"href":"https:\/\/www.hendaye-tourisme.fr\/es\/wp-json\/wp\/v2\/pages"}],"about":[{"href":"https:\/\/www.hendaye-tourisme.fr\/es\/wp-json\/wp\/v2\/types\/page"}],"author":[{"embeddable":true,"href":"https:\/\/www.hendaye-tourisme.fr\/es\/wp-json\/wp\/v2\/users\/2"}],"replies":[{"embeddable":true,"href":"https:\/\/www.hendaye-tourisme.fr\/es\/wp-json\/wp\/v2\/comments?post=63810"}],"version-history":[{"count":1,"href":"https:\/\/www.hendaye-tourisme.fr\/es\/wp-json\/wp\/v2\/pages\/63810\/revisions"}],"predecessor-version":[{"id":63811,"href":"https:\/\/www.hendaye-tourisme.fr\/es\/wp-json\/wp\/v2\/pages\/63810\/revisions\/63811"}],"up":[{"embeddable":true,"href":"https:\/\/www.hendaye-tourisme.fr\/es\/wp-json\/wp\/v2\/pages\/15453"}],"wp:featuredmedia":[{"embeddable":true,"href":"https:\/\/www.hendaye-tourisme.fr\/es\/wp-json\/wp\/v2\/media\/63740"}],"wp:attachment":[{"href":"https:\/\/www.hendaye-tourisme.fr\/es\/wp-json\/wp\/v2\/media?parent=63810"}],"curies":[{"name":"wp","href":"https:\/\/api.w.org\/{rel}","templated":true}]}}