{"id":63806,"date":"2024-10-03T16:06:08","date_gmt":"2024-10-03T14:06:08","guid":{"rendered":"https:\/\/www.hendaye-tourisme.fr\/saint-jean-pied-de-port\/"},"modified":"2024-10-04T11:29:30","modified_gmt":"2024-10-04T09:29:30","slug":"saint-jean-pied-de-port","status":"publish","type":"page","link":"https:\/\/www.hendaye-tourisme.fr\/es\/saint-jean-pied-de-port\/","title":{"rendered":"Saint-Jean-Pied-De-Port"},"content":{"rendered":"\n<div class=\"wp-block-columns is-layout-flex wp-container-core-columns-is-layout-9d6595d7 wp-block-columns-is-layout-flex\">\n<div class=\"wp-block-column is-layout-flow wp-block-column-is-layout-flow\" style=\"flex-basis:33.33%\"><div class=\"highlight-bloc-container \" id=\"ts-block-65368af54ee28\"  >\n\t<div class=\"highlight-bloc-content\">\n\t\t<div class=\"acf-innerblocks-container\">\n\n<h2 class=\"wp-block-heading suptitle\">\u00bfBuscas una escapada a la naturaleza?<br\/>En el coraz\u00f3n del Pa\u00eds Vasco, este otro pueblo, catalogado como uno de los m\u00e1s bellos de Francia, te invita a hacer un viaje en el tiempo&#8230;<\/h2>\n\n<\/div>\t<\/div>\n<\/div>\n<\/div>\n\n\n\n<div class=\"wp-block-column is-layout-flow wp-block-column-is-layout-flow\" style=\"flex-basis:66.66%\">\n<p>Puerta de los Pirineos y etapa imprescindible del Camino de Santiago, esta ciudad fortificada te conquistar\u00e1 por su encanto medieval y su autenticidad.  <\/p>\n\n\n\n<p><br\/>Los artesanos locales se han adue\u00f1ado de las calles empedradas de la ciudadela construida por Vauban. Desde lo alto de la ciudadela, podr\u00e1s disfrutar de una vista impresionante de los vi\u00f1edos de Iroul\u00e9guy que se extienden por las laderas de las colinas circundantes.<\/p>\n\n\n\n<p>Senderismo, bicicleta de monta\u00f1a, deportes en aguas bravas o simplemente un paseo por el campo: \u00a1no faltan actividades!<\/p>\n<\/div>\n<\/div>\n\t<div id=\"ts-block-66573073d76ba\">\n\t\n\t\t<!-- Slider main container -->\n\t\t\t\t<div class=\"swiper-container\">\n\t\t\t<div class=\"swiper swiper-ts-block-66573073d76ba\" data-block_id=\"ts-block-66573073d76ba\">\n\t\t\n\t\t\t<div class=\"carrousel-container swiper-wrapper \" data-nb_col=\"3\">\n\t\t\t\t\t\t\t\t\t<article class=\"cover  swiper-slide\" style=\"min-height: 350px;\">\n\t\t\t\t\t\t\n\t<figure class=\"is-style-copyright\">\n\t\t<img decoding=\"async\" width=\"800\" height=\"598\" src=\"https:\/\/www.hendaye-tourisme.fr\/wp-content\/uploads\/2024\/10\/saint-jean-pied-de-port-notre-dame-du-bout-du-pont-copyf.perrot-800x598.jpg\" class=\"attachment-medium size-medium\" alt=\"Saint Jean Pied de Port Notre Dame du bout du pont \u00a9F.Perrot\" srcset=\"https:\/\/www.hendaye-tourisme.fr\/wp-content\/uploads\/2024\/10\/saint-jean-pied-de-port-notre-dame-du-bout-du-pont-copyf.perrot-800x598.jpg 800w, https:\/\/www.hendaye-tourisme.fr\/wp-content\/uploads\/2024\/10\/saint-jean-pied-de-port-notre-dame-du-bout-du-pont-copyf.perrot-1024x766.jpg 1024w, https:\/\/www.hendaye-tourisme.fr\/wp-content\/uploads\/2024\/10\/saint-jean-pied-de-port-notre-dame-du-bout-du-pont-copyf.perrot-768x574.jpg 768w, https:\/\/www.hendaye-tourisme.fr\/wp-content\/uploads\/2024\/10\/saint-jean-pied-de-port-notre-dame-du-bout-du-pont-copyf.perrot.jpg 1400w\" sizes=\"(max-width: 800px) 100vw, 800px\" \/>\t\t\t\t<figcaption class=\"carrousel-content has-text-align-center\" style=\"justify-content: center\">\n\t\t\t<div>\n\t\t\t\t<h3 class=\" \"><\/h3>\n\t\t\t\t\t\t\t<\/div>\n\t\t\t\t\t<\/figcaption>\n\t\t\t<\/figure>\n\t\n\n\n\n\t\t\t\t\t<\/article>\n\t\t\t\t\t\t\t\t\t<article class=\"cover  swiper-slide\" style=\"min-height: 350px;\">\n\t\t\t\t\t\t\n\t<figure class=\"is-style-copyright\">\n\t\t<img decoding=\"async\" width=\"400\" height=\"600\" src=\"https:\/\/www.hendaye-tourisme.fr\/wp-content\/uploads\/2024\/10\/saint-jean-pied-de-port-rue_319-copygaturi_ivan-rodriguez-sveltstudio-400x600.jpg\" class=\"attachment-medium size-medium\" alt=\"Saint-Jean-Pied-de-Port-rue_319 \u00a9Gaturi_ivan-rodriguez-sveltstudio\" srcset=\"https:\/\/www.hendaye-tourisme.fr\/wp-content\/uploads\/2024\/10\/saint-jean-pied-de-port-rue_319-copygaturi_ivan-rodriguez-sveltstudio-400x600.jpg 400w, https:\/\/www.hendaye-tourisme.fr\/wp-content\/uploads\/2024\/10\/saint-jean-pied-de-port-rue_319-copygaturi_ivan-rodriguez-sveltstudio-683x1024.jpg 683w, https:\/\/www.hendaye-tourisme.fr\/wp-content\/uploads\/2024\/10\/saint-jean-pied-de-port-rue_319-copygaturi_ivan-rodriguez-sveltstudio-768x1152.jpg 768w, https:\/\/www.hendaye-tourisme.fr\/wp-content\/uploads\/2024\/10\/saint-jean-pied-de-port-rue_319-copygaturi_ivan-rodriguez-sveltstudio-1024x1536.jpg 1024w, https:\/\/www.hendaye-tourisme.fr\/wp-content\/uploads\/2024\/10\/saint-jean-pied-de-port-rue_319-copygaturi_ivan-rodriguez-sveltstudio-scaled.jpg 1365w\" sizes=\"(max-width: 400px) 100vw, 400px\" \/>\t\t\t\t<figcaption class=\"carrousel-content has-text-align-center\" style=\"justify-content: center\">\n\t\t\t<div>\n\t\t\t\t<h3 class=\" \"><\/h3>\n\t\t\t\t\t\t\t<\/div>\n\t\t\t\t\t<\/figcaption>\n\t\t\t<\/figure>\n\t\n\n\n\n\t\t\t\t\t<\/article>\n\t\t\t\t\t\t\t\t\t<article class=\"cover  swiper-slide\" style=\"min-height: 350px;\">\n\t\t\t\t\t\t\n\t<figure class=\"is-style-copyright\">\n\t\t<img decoding=\"async\" width=\"800\" height=\"533\" src=\"https:\/\/www.hendaye-tourisme.fr\/wp-content\/uploads\/2024\/10\/mobilitedouce_saint-jean-pied-de-port-gare_randonneurs-004-copyivanrodeorodriguez-2023-800x533.jpg\" class=\"attachment-medium size-medium\" alt=\"Mobilit\u00e9Douce_Saint-Jean Pied de Port gare_randonneurs 004 \u00a9ivanrodeorodriguez-2023\" srcset=\"https:\/\/www.hendaye-tourisme.fr\/wp-content\/uploads\/2024\/10\/mobilitedouce_saint-jean-pied-de-port-gare_randonneurs-004-copyivanrodeorodriguez-2023-800x533.jpg 800w, https:\/\/www.hendaye-tourisme.fr\/wp-content\/uploads\/2024\/10\/mobilitedouce_saint-jean-pied-de-port-gare_randonneurs-004-copyivanrodeorodriguez-2023-1024x682.jpg 1024w, https:\/\/www.hendaye-tourisme.fr\/wp-content\/uploads\/2024\/10\/mobilitedouce_saint-jean-pied-de-port-gare_randonneurs-004-copyivanrodeorodriguez-2023-768x512.jpg 768w, https:\/\/www.hendaye-tourisme.fr\/wp-content\/uploads\/2024\/10\/mobilitedouce_saint-jean-pied-de-port-gare_randonneurs-004-copyivanrodeorodriguez-2023.jpg 1400w\" sizes=\"(max-width: 800px) 100vw, 800px\" \/>\t\t\t\t<figcaption class=\"carrousel-content has-text-align-center\" style=\"justify-content: center\">\n\t\t\t<div>\n\t\t\t\t<h3 class=\" \"><\/h3>\n\t\t\t\t\t\t\t<\/div>\n\t\t\t\t\t<\/figcaption>\n\t\t\t<\/figure>\n\t\n\n\n\n\t\t\t\t\t<\/article>\n\t\t\t\t\t\t\t\t\t<article class=\"cover  swiper-slide\" style=\"min-height: 350px;\">\n\t\t\t\t\t\t\n\t<figure class=\"is-style-copyright\">\n\t\t<img decoding=\"async\" width=\"800\" height=\"600\" src=\"https:\/\/www.hendaye-tourisme.fr\/wp-content\/uploads\/2024\/10\/saint-jean-le-vieux-le-fronton-copyf.perrot-800x600.jpg\" class=\"attachment-medium size-medium\" alt=\"Saint Jean le Vieux le fronton \u00a9F.Perrot\" srcset=\"https:\/\/www.hendaye-tourisme.fr\/wp-content\/uploads\/2024\/10\/saint-jean-le-vieux-le-fronton-copyf.perrot-800x600.jpg 800w, https:\/\/www.hendaye-tourisme.fr\/wp-content\/uploads\/2024\/10\/saint-jean-le-vieux-le-fronton-copyf.perrot-1024x767.jpg 1024w, https:\/\/www.hendaye-tourisme.fr\/wp-content\/uploads\/2024\/10\/saint-jean-le-vieux-le-fronton-copyf.perrot-768x575.jpg 768w, https:\/\/www.hendaye-tourisme.fr\/wp-content\/uploads\/2024\/10\/saint-jean-le-vieux-le-fronton-copyf.perrot.jpg 1400w\" sizes=\"(max-width: 800px) 100vw, 800px\" \/>\t\t\t\t<figcaption class=\"carrousel-content has-text-align-center\" style=\"justify-content: center\">\n\t\t\t<div>\n\t\t\t\t<h3 class=\" \"><\/h3>\n\t\t\t\t\t\t\t<\/div>\n\t\t\t\t\t<\/figcaption>\n\t\t\t<\/figure>\n\t\n\n\n\n\t\t\t\t\t<\/article>\n\t\t\t\t\t\t\t\t\t<article class=\"cover  swiper-slide\" style=\"min-height: 350px;\">\n\t\t\t\t\t\t\n\t<figure class=\"is-style-copyright\">\n\t\t<img decoding=\"async\" width=\"800\" height=\"533\" src=\"https:\/\/www.hendaye-tourisme.fr\/wp-content\/uploads\/2024\/10\/st-jean-pied-de-port-et-pont-copycdt64-800x533.jpg\" class=\"attachment-medium size-medium\" alt=\"St Jean Pied de Port et pont \u00a9CDT64\" srcset=\"https:\/\/www.hendaye-tourisme.fr\/wp-content\/uploads\/2024\/10\/st-jean-pied-de-port-et-pont-copycdt64-800x533.jpg 800w, https:\/\/www.hendaye-tourisme.fr\/wp-content\/uploads\/2024\/10\/st-jean-pied-de-port-et-pont-copycdt64-1024x682.jpg 1024w, https:\/\/www.hendaye-tourisme.fr\/wp-content\/uploads\/2024\/10\/st-jean-pied-de-port-et-pont-copycdt64-768x512.jpg 768w, https:\/\/www.hendaye-tourisme.fr\/wp-content\/uploads\/2024\/10\/st-jean-pied-de-port-et-pont-copycdt64.jpg 1400w\" sizes=\"(max-width: 800px) 100vw, 800px\" \/>\t\t\t\t<figcaption class=\"carrousel-content has-text-align-center\" style=\"justify-content: center\">\n\t\t\t<div>\n\t\t\t\t<h3 class=\" \"><\/h3>\n\t\t\t\t\t\t\t<\/div>\n\t\t\t\t\t<\/figcaption>\n\t\t\t<\/figure>\n\t\n\n\n\n\t\t\t\t\t<\/article>\n\t\t\t\t\t\t\t<\/div>\n\t\t\t\n\t\t\t\t\t\t<!-- If we need pagination -->\n\t\t\t\t<!--<div class=\"swiper-pagination\"><\/div>-->\n\n\t\t\t<\/div>\n\t\t\t<!-- If we need navigation buttons -->\n\t\t\t<div\n\t\t\t\tclass=\"swiper-button-prev prev-ts-block-66573073d76ba\"\n\t\t\t\trole=\"button\"\n\t\t\t\ttabindex=\"0\"\n\t\t\t\taria-label=\"Diapositiva anterior\"\n\t\t\t>\n\t\t\t\t<span class=\"sr-only\">Diapositiva anterior<\/span>\n\t\t\t<\/div>\n\n\t\t\t<div\n\t\t\t\tclass=\"swiper-button-next next-ts-block-66573073d76ba\"\n\t\t\t\trole=\"button\"\n\t\t\t\ttabindex=\"0\"\n\t\t\t\taria-label=\"Diapositiva siguiente\"\n\t\t\t>\n\t\t\t\t<span class=\"sr-only\">Diapositiva siguiente<\/span>\n\t\t\t<\/div>\n\n\t\t<\/div>\n\t\t\t<\/div>\n\n<p><\/p>\n","protected":false},"excerpt":{"rendered":"<p>Puerta de los Pirineos y etapa imprescindible del Camino de Santiago, esta ciudad fortificada te conquistar\u00e1 por su encanto medieval y su autenticidad. Los artesanos locales se han adue\u00f1ado de las calles empedradas de la ciudadela construida por Vauban. Desde lo alto de la ciudadela, podr\u00e1s disfrutar de una vista [&hellip;]<\/p>\n","protected":false},"author":2,"featured_media":0,"parent":0,"menu_order":0,"comment_status":"closed","ping_status":"closed","template":"","meta":{"_acf_changed":false,"_seopress_robots_primary_cat":"","_seopress_titles_title":"","_seopress_titles_desc":"","_seopress_robots_index":"","footnotes":""},"class_list":["post-63806","page","type-page","status-publish","hentry"],"acf":[],"_links":{"self":[{"href":"https:\/\/www.hendaye-tourisme.fr\/es\/wp-json\/wp\/v2\/pages\/63806","targetHints":{"allow":["GET"]}}],"collection":[{"href":"https:\/\/www.hendaye-tourisme.fr\/es\/wp-json\/wp\/v2\/pages"}],"about":[{"href":"https:\/\/www.hendaye-tourisme.fr\/es\/wp-json\/wp\/v2\/types\/page"}],"author":[{"embeddable":true,"href":"https:\/\/www.hendaye-tourisme.fr\/es\/wp-json\/wp\/v2\/users\/2"}],"replies":[{"embeddable":true,"href":"https:\/\/www.hendaye-tourisme.fr\/es\/wp-json\/wp\/v2\/comments?post=63806"}],"version-history":[{"count":1,"href":"https:\/\/www.hendaye-tourisme.fr\/es\/wp-json\/wp\/v2\/pages\/63806\/revisions"}],"predecessor-version":[{"id":63807,"href":"https:\/\/www.hendaye-tourisme.fr\/es\/wp-json\/wp\/v2\/pages\/63806\/revisions\/63807"}],"wp:attachment":[{"href":"https:\/\/www.hendaye-tourisme.fr\/es\/wp-json\/wp\/v2\/media?parent=63806"}],"curies":[{"name":"wp","href":"https:\/\/api.w.org\/{rel}","templated":true}]}}