{"id":30246,"date":"2023-11-06T16:36:23","date_gmt":"2023-11-06T15:36:23","guid":{"rendered":"https:\/\/www.hendaye-tourisme.fr\/eventos-destacados\/hendaya-celebra-el-verano\/"},"modified":"2024-04-24T15:41:28","modified_gmt":"2024-04-24T13:41:28","slug":"hendaya-celebra-el-verano","status":"publish","type":"page","link":"https:\/\/www.hendaye-tourisme.fr\/es\/eventos-destacados\/hendaya-celebra-el-verano\/","title":{"rendered":"Hendaya Celebra el Verano"},"content":{"rendered":"\n<div class=\"wp-block-columns is-layout-flex wp-container-core-columns-is-layout-9d6595d7 wp-block-columns-is-layout-flex\">\n<div class=\"wp-block-column is-layout-flow wp-block-column-is-layout-flow\" style=\"flex-basis:33.33%\"><div class=\"highlight-bloc-container \" id=\"ts-block-65368af54ee28\"  >\n\t<div class=\"highlight-bloc-content\">\n\t\t<div class=\"acf-innerblocks-container\">\n\n<h2 class=\"wp-block-heading suptitle\">\u00a1Va a ser un verano caluroso en Hendaya!<\/h2>\n\n<\/div>\t<\/div>\n<\/div>\n<\/div>\n\n\n\n<div class=\"wp-block-column is-layout-flow wp-block-column-is-layout-flow\" style=\"flex-basis:66.66%\">\n<div class=\"wp-block-cover is-light alert\" style=\"min-height:107px;aspect-ratio:unset;\"><span aria-hidden=\"true\" class=\"wp-block-cover__background has-light-blue-background-color has-background-dim-100 has-background-dim\"><\/span><div class=\"wp-block-cover__inner-container is-layout-constrained wp-block-cover-is-layout-constrained\">\n<p class=\"has-text-align-left has-blue-color has-text-color\"><strong>Fechas:<\/strong> todos los a\u00f1os, del 10 al 12 de julio (d\u00eda \u00ablibre\u00bb el 9 de julio)<\/p>\n<\/div><\/div>\n\n\n\n<div style=\"height:15px\" aria-hidden=\"true\" class=\"wp-block-spacer\"><\/div>\n\n\n\n<p><strong>Durante 3 d\u00edas<\/strong>, un artista tras otro te deleitar\u00e1 con<strong> improvisaciones teatrales, espect\u00e1culos de fuego, n\u00fameros circenses<\/strong>&#8230;<br\/><br\/>Toda la ciudad vibrar\u00e1 al ritmo de los espect\u00e1culos en directo y el arte callejero.<\/p>\n<\/div>\n<\/div>\n\n<section class=\"wp-block-group alignfull wave has-white-color has-blue-background-color has-text-color has-background\"><div class=\"wp-block-group__inner-container is-layout-constrained wp-block-group-is-layout-constrained\">\n<h3 class=\"wp-block-heading has-text-align-center has-white-color has-text-color\" style=\"font-style:normal;font-weight:300\">Prep\u00e1rate para un festival extravagante&#8230;<\/h3>\n\n\n\n<h2 class=\"wp-block-heading has-text-align-center tilde has-white-color has-text-color\">HENDAYE CELEBRA EL VERANO<\/h2>\n\n\n\n<p><\/p>\n\n\n\n<p class=\"has-text-align-center has-medium-font-size\"><strong>Accesible a todos y totalmente<\/strong> gratuito,<br\/>los espect\u00e1culos de Hendaya F\u00eate l&#8217;\u00e9t\u00e9 crear\u00e1n los primeros recuerdos memorables de tu experiencia estival en Hendaya.<\/p>\n\n\n\t<div id=\"ts-block-6627d1a8db77a\">\n\t\n\t\t<!-- Slider main container -->\n\t\t\t\t<div class=\"swiper-container\">\n\t\t\t<div class=\"swiper swiper-ts-block-6627d1a8db77a\" data-block_id=\"ts-block-6627d1a8db77a\">\n\t\t\n\t\t\t<div class=\"carrousel-container swiper-wrapper img-zoom \" data-nb_col=\"3\">\n\t\t\t\t\t\t\t\t\t<article class=\"cover  swiper-slide\" style=\"min-height: 250px;\">\n\t\t\t\t\t\t\n\t<figure class=\"is-style-copyright\">\n\t\t<img decoding=\"async\" width=\"800\" height=\"534\" src=\"https:\/\/www.hendaye-tourisme.fr\/wp-content\/uploads\/2024\/04\/hendaye-fete-lete-hendaye-tourisme-6-800x534.jpg\" class=\"attachment-medium size-medium\" alt=\"Hendaye F\u00eate l&#039;\u00c9te - Hendaye Tourisme - (6)\" srcset=\"https:\/\/www.hendaye-tourisme.fr\/wp-content\/uploads\/2024\/04\/hendaye-fete-lete-hendaye-tourisme-6-800x534.jpg 800w, https:\/\/www.hendaye-tourisme.fr\/wp-content\/uploads\/2024\/04\/hendaye-fete-lete-hendaye-tourisme-6-768x512.jpg 768w, https:\/\/www.hendaye-tourisme.fr\/wp-content\/uploads\/2024\/04\/hendaye-fete-lete-hendaye-tourisme-6.jpg 1000w\" sizes=\"(max-width: 800px) 100vw, 800px\" \/>\t\t\t\t<figcaption class=\"carrousel-content has-text-align-center\" style=\"justify-content: center\">\n\t\t\t<div>\n\t\t\t\t<h3 class=\" \"><\/h3>\n\t\t\t\t\t\t\t<\/div>\n\t\t\t\t\t<\/figcaption>\n\t\t\t<\/figure>\n\t\n\n\n\n\t\t\t\t\t<\/article>\n\t\t\t\t\t\t\t\t\t<article class=\"cover  swiper-slide\" style=\"min-height: 250px;\">\n\t\t\t\t\t\t\n\t<figure class=\"is-style-copyright\">\n\t\t<img decoding=\"async\" width=\"800\" height=\"534\" src=\"https:\/\/www.hendaye-tourisme.fr\/wp-content\/uploads\/2024\/04\/hendaye-fete-lete-hendaye-tourisme-9-800x534.jpg\" class=\"attachment-medium size-medium\" alt=\"Hendaye F\u00eate l&#039;\u00c9te - Hendaye Tourisme - (9)\" srcset=\"https:\/\/www.hendaye-tourisme.fr\/wp-content\/uploads\/2024\/04\/hendaye-fete-lete-hendaye-tourisme-9-800x534.jpg 800w, https:\/\/www.hendaye-tourisme.fr\/wp-content\/uploads\/2024\/04\/hendaye-fete-lete-hendaye-tourisme-9-768x512.jpg 768w, https:\/\/www.hendaye-tourisme.fr\/wp-content\/uploads\/2024\/04\/hendaye-fete-lete-hendaye-tourisme-9.jpg 1000w\" sizes=\"(max-width: 800px) 100vw, 800px\" \/>\t\t\t\t<figcaption class=\"carrousel-content has-text-align-center\" style=\"justify-content: center\">\n\t\t\t<div>\n\t\t\t\t<h3 class=\" \"><\/h3>\n\t\t\t\t\t\t\t<\/div>\n\t\t\t\t\t<\/figcaption>\n\t\t\t<\/figure>\n\t\n\n\n\n\t\t\t\t\t<\/article>\n\t\t\t\t\t\t\t\t\t<article class=\"cover  swiper-slide\" style=\"min-height: 250px;\">\n\t\t\t\t\t\t\n\t<figure class=\"is-style-copyright\">\n\t\t<img decoding=\"async\" width=\"800\" height=\"534\" src=\"https:\/\/www.hendaye-tourisme.fr\/wp-content\/uploads\/2024\/04\/hendaye-fete-lete-hendaye-tourisme-2-800x534.jpg\" class=\"attachment-medium size-medium\" alt=\"Hendaye F\u00eate l&#039;\u00c9te - Hendaye Tourisme - (2)\" srcset=\"https:\/\/www.hendaye-tourisme.fr\/wp-content\/uploads\/2024\/04\/hendaye-fete-lete-hendaye-tourisme-2-800x534.jpg 800w, https:\/\/www.hendaye-tourisme.fr\/wp-content\/uploads\/2024\/04\/hendaye-fete-lete-hendaye-tourisme-2-768x512.jpg 768w, https:\/\/www.hendaye-tourisme.fr\/wp-content\/uploads\/2024\/04\/hendaye-fete-lete-hendaye-tourisme-2.jpg 1000w\" sizes=\"(max-width: 800px) 100vw, 800px\" \/>\t\t\t\t<figcaption class=\"carrousel-content has-text-align-center\" style=\"justify-content: center\">\n\t\t\t<div>\n\t\t\t\t<h3 class=\" \"><\/h3>\n\t\t\t\t\t\t\t<\/div>\n\t\t\t\t\t<\/figcaption>\n\t\t\t<\/figure>\n\t\n\n\n\n\t\t\t\t\t<\/article>\n\t\t\t\t\t\t\t\t\t<article class=\"cover  swiper-slide\" style=\"min-height: 250px;\">\n\t\t\t\t\t\t\n\t<figure class=\"is-style-copyright\">\n\t\t<img decoding=\"async\" width=\"800\" height=\"534\" src=\"https:\/\/www.hendaye-tourisme.fr\/wp-content\/uploads\/2024\/04\/hendaye-fete-lete-hendaye-tourisme-3-800x534.jpg\" class=\"attachment-medium size-medium\" alt=\"Hendaye F\u00eate l&#039;\u00c9te - Hendaye Tourisme - (3)\" srcset=\"https:\/\/www.hendaye-tourisme.fr\/wp-content\/uploads\/2024\/04\/hendaye-fete-lete-hendaye-tourisme-3-800x534.jpg 800w, https:\/\/www.hendaye-tourisme.fr\/wp-content\/uploads\/2024\/04\/hendaye-fete-lete-hendaye-tourisme-3-768x512.jpg 768w, https:\/\/www.hendaye-tourisme.fr\/wp-content\/uploads\/2024\/04\/hendaye-fete-lete-hendaye-tourisme-3.jpg 1000w\" sizes=\"(max-width: 800px) 100vw, 800px\" \/>\t\t\t\t<figcaption class=\"carrousel-content has-text-align-center\" style=\"justify-content: center\">\n\t\t\t<div>\n\t\t\t\t<h3 class=\" \"><\/h3>\n\t\t\t\t\t\t\t<\/div>\n\t\t\t\t\t<\/figcaption>\n\t\t\t<\/figure>\n\t\n\n\n\n\t\t\t\t\t<\/article>\n\t\t\t\t\t\t\t\t\t<article class=\"cover  swiper-slide\" style=\"min-height: 250px;\">\n\t\t\t\t\t\t\n\t<figure class=\"is-style-copyright\">\n\t\t<img decoding=\"async\" width=\"800\" height=\"534\" src=\"https:\/\/www.hendaye-tourisme.fr\/wp-content\/uploads\/2024\/04\/hendaye-fete-lete-hendaye-tourisme-5-800x534.jpg\" class=\"attachment-medium size-medium\" alt=\"Hendaye F\u00eate l&#039;\u00c9te - Hendaye Tourisme - (5)\" srcset=\"https:\/\/www.hendaye-tourisme.fr\/wp-content\/uploads\/2024\/04\/hendaye-fete-lete-hendaye-tourisme-5-800x534.jpg 800w, https:\/\/www.hendaye-tourisme.fr\/wp-content\/uploads\/2024\/04\/hendaye-fete-lete-hendaye-tourisme-5-768x512.jpg 768w, https:\/\/www.hendaye-tourisme.fr\/wp-content\/uploads\/2024\/04\/hendaye-fete-lete-hendaye-tourisme-5.jpg 1000w\" sizes=\"(max-width: 800px) 100vw, 800px\" \/>\t\t\t\t<figcaption class=\"carrousel-content has-text-align-center\" style=\"justify-content: center\">\n\t\t\t<div>\n\t\t\t\t<h3 class=\" \"><\/h3>\n\t\t\t\t\t\t\t<\/div>\n\t\t\t\t\t<\/figcaption>\n\t\t\t<\/figure>\n\t\n\n\n\n\t\t\t\t\t<\/article>\n\t\t\t\t\t\t\t\t\t<article class=\"cover  swiper-slide\" style=\"min-height: 250px;\">\n\t\t\t\t\t\t\n\t<figure class=\"is-style-copyright\">\n\t\t<img decoding=\"async\" width=\"800\" height=\"533\" src=\"https:\/\/www.hendaye-tourisme.fr\/wp-content\/uploads\/2024\/04\/hendaye-fete-lete-hendaye-tourisme-1-800x533.jpg\" class=\"attachment-medium size-medium\" alt=\"Hendaye F\u00eate l&#039;\u00c9te - Hendaye Tourisme - (1)\" srcset=\"https:\/\/www.hendaye-tourisme.fr\/wp-content\/uploads\/2024\/04\/hendaye-fete-lete-hendaye-tourisme-1-800x533.jpg 800w, https:\/\/www.hendaye-tourisme.fr\/wp-content\/uploads\/2024\/04\/hendaye-fete-lete-hendaye-tourisme-1-1024x683.jpg 1024w, https:\/\/www.hendaye-tourisme.fr\/wp-content\/uploads\/2024\/04\/hendaye-fete-lete-hendaye-tourisme-1-768x512.jpg 768w, https:\/\/www.hendaye-tourisme.fr\/wp-content\/uploads\/2024\/04\/hendaye-fete-lete-hendaye-tourisme-1.jpg 1191w\" sizes=\"(max-width: 800px) 100vw, 800px\" \/>\t\t\t\t<figcaption class=\"carrousel-content has-text-align-center\" style=\"justify-content: center\">\n\t\t\t<div>\n\t\t\t\t<h3 class=\" \"><\/h3>\n\t\t\t\t\t\t\t<\/div>\n\t\t\t\t\t<\/figcaption>\n\t\t\t<\/figure>\n\t\n\n\n\n\t\t\t\t\t<\/article>\n\t\t\t\t\t\t\t<\/div>\n\t\t\t\n\t\t\t\t\t\t<!-- If we need pagination -->\n\t\t\t\t<!--<div class=\"swiper-pagination\"><\/div>-->\n\n\t\t\t<\/div>\n\t\t\t<!-- If we need navigation buttons -->\n\t\t\t<div\n\t\t\t\tclass=\"swiper-button-prev prev-ts-block-6627d1a8db77a\"\n\t\t\t\trole=\"button\"\n\t\t\t\ttabindex=\"0\"\n\t\t\t\taria-label=\"Diapositiva anterior\"\n\t\t\t>\n\t\t\t\t<span class=\"sr-only\">Diapositiva anterior<\/span>\n\t\t\t<\/div>\n\n\t\t\t<div\n\t\t\t\tclass=\"swiper-button-next next-ts-block-6627d1a8db77a\"\n\t\t\t\trole=\"button\"\n\t\t\t\ttabindex=\"0\"\n\t\t\t\taria-label=\"Diapositiva siguiente\"\n\t\t\t>\n\t\t\t\t<span class=\"sr-only\">Diapositiva siguiente<\/span>\n\t\t\t<\/div>\n\n\t\t<\/div>\n\t\t\t<\/div>\n\n\n\n<p class=\"has-text-align-center has-medium-font-size\"><\/p>\n<\/div><\/section>\n\n<div style=\"height:15px\" aria-hidden=\"true\" class=\"wp-block-spacer\"><\/div>\n\n<section class=\"wp-block-group alignfull\"><div class=\"wp-block-group__inner-container is-layout-constrained wp-block-group-is-layout-constrained\">\n<div class=\"wp-block-media-text alignfull is-stacked-on-mobile is-image-fill\"><figure class=\"wp-block-media-text__media\" style=\"background-image:url(https:\/\/www.hendaye-tourisme.fr\/wp-content\/uploads\/2024\/04\/hendaye-fete-lete-hendaye-tourisme-7.jpg);background-position:55% 31%\"><img decoding=\"async\" width=\"1000\" height=\"667\" src=\"https:\/\/www.hendaye-tourisme.fr\/wp-content\/uploads\/2024\/04\/hendaye-fete-lete-hendaye-tourisme-7.jpg\" alt=\"\" class=\"wp-image-40160 size-full\" srcset=\"https:\/\/www.hendaye-tourisme.fr\/wp-content\/uploads\/2024\/04\/hendaye-fete-lete-hendaye-tourisme-7.jpg 1000w, https:\/\/www.hendaye-tourisme.fr\/wp-content\/uploads\/2024\/04\/hendaye-fete-lete-hendaye-tourisme-7-800x534.jpg 800w, https:\/\/www.hendaye-tourisme.fr\/wp-content\/uploads\/2024\/04\/hendaye-fete-lete-hendaye-tourisme-7-768x512.jpg 768w\" sizes=\"(max-width: 1000px) 100vw, 1000px\" \/><\/figure><div class=\"wp-block-media-text__content\">\n<h3 class=\"wp-block-heading\" style=\"text-transform:uppercase\">Un escenario abierto a todos los talentos<\/h3>\n\n\n\n<p>El festival celebra la diversidad de la expresi\u00f3n art\u00edstica, dando voz al talento local e internacional. De la risa al llanto, pasando por el asombro, \u00abHendaya F\u00eate l&#8217;\u00e9t\u00e9\u00bb promete un viaje extraordinario a trav\u00e9s de las m\u00faltiples facetas del espect\u00e1culo en vivo.<\/p>\n<\/div><\/div>\n\n\n\n<div class=\"wp-block-media-text alignfull has-media-on-the-right is-stacked-on-mobile is-image-fill\"><div class=\"wp-block-media-text__content\">\n<h3 class=\"wp-block-heading\" style=\"text-transform:uppercase\">Un programa ECL\u00c9CTICO<\/h3>\n\n\n\n<p>Sum\u00e9rgete en el mundo de las improvisaciones teatrales humor\u00edsticas, admira las proezas de los acr\u00f3batas y marav\u00edllate con las luminosas coreograf\u00edas de los espect\u00e1culos de fuego&#8230;<\/p>\n<\/div><figure class=\"wp-block-media-text__media\" style=\"background-image:url(https:\/\/www.hendaye-tourisme.fr\/wp-content\/uploads\/2024\/04\/hendaye-fete-lete-hendaye-tourisme-4.jpg);background-position:39% 44%\"><img decoding=\"async\" width=\"1000\" height=\"667\" src=\"https:\/\/www.hendaye-tourisme.fr\/wp-content\/uploads\/2024\/04\/hendaye-fete-lete-hendaye-tourisme-4.jpg\" alt=\"\" class=\"wp-image-40148 size-full\" srcset=\"https:\/\/www.hendaye-tourisme.fr\/wp-content\/uploads\/2024\/04\/hendaye-fete-lete-hendaye-tourisme-4.jpg 1000w, https:\/\/www.hendaye-tourisme.fr\/wp-content\/uploads\/2024\/04\/hendaye-fete-lete-hendaye-tourisme-4-800x534.jpg 800w, https:\/\/www.hendaye-tourisme.fr\/wp-content\/uploads\/2024\/04\/hendaye-fete-lete-hendaye-tourisme-4-768x512.jpg 768w\" sizes=\"(max-width: 1000px) 100vw, 1000px\" \/><\/figure><\/div>\n<\/div><\/section>\n\n<div style=\"height:30px\" aria-hidden=\"true\" class=\"wp-block-spacer\"><\/div>\n\n<div class=\"wp-block-columns has-light-blue-background-color has-background is-layout-flex wp-container-core-columns-is-layout-9d6595d7 wp-block-columns-is-layout-flex\">\n<div class=\"wp-block-column is-layout-flow wp-block-column-is-layout-flow\" style=\"flex-basis:15%\"><\/div>\n\n\n\n<div class=\"wp-block-column has-light-blue-background-color has-background is-layout-flow wp-block-column-is-layout-flow\" style=\"flex-basis:70%\">\n<h2 class=\"wp-block-heading has-text-align-center\">Estos artistas de temperamento fogoso&#8230;<\/h2>\n\n\n\n<center>\n<iframe width=\"700\" height=\"394\" src=\"https:\/\/www.youtube.com\/embed\/BTHeItZmOkQ?si=l9gEzv861uHSZd0D\" title=\"YouTube video player\" frameborder=\"0\" allow=\"accelerometer; autoplay; clipboard-write; encrypted-media; gyroscope; picture-in-picture; web-share\" referrerpolicy=\"strict-origin-when-cross-origin\" allowfullscreen=\"\"><\/iframe>\n<\/center>\n\n\n\n<div style=\"height:30px\" aria-hidden=\"true\" class=\"wp-block-spacer\"><\/div>\n<\/div>\n\n\n\n<div class=\"wp-block-column is-layout-flow wp-block-column-is-layout-flow\" style=\"flex-basis:15%\"><\/div>\n<\/div>\n\n<section class=\"wp-block-group alignfull wave has-white-color has-blue-background-color has-text-color has-background\"><div class=\"wp-block-group__inner-container is-layout-constrained wp-block-group-is-layout-constrained\">\n<div class=\"wp-block-columns are-vertically-aligned-center is-layout-flex wp-container-core-columns-is-layout-9d6595d7 wp-block-columns-is-layout-flex\">\n<div class=\"wp-block-column is-vertically-aligned-center is-layout-flow wp-block-column-is-layout-flow\" style=\"flex-basis:33.33%\"><div class=\"wp-block-image\">\n<figure class=\"alignright size-full is-resized\"><img decoding=\"async\" width=\"1451\" height=\"2048\" src=\"https:\/\/www.hendaye-tourisme.fr\/wp-content\/uploads\/2024\/04\/affiche-hfe-2023-scaled.jpg\" alt=\"Cartel de Hendaya F&#xEA;te l'Et&#xE9;\" class=\"wp-image-40111\" style=\"width:auto;height:300px\" srcset=\"https:\/\/www.hendaye-tourisme.fr\/wp-content\/uploads\/2024\/04\/affiche-hfe-2023-scaled.jpg 1451w, https:\/\/www.hendaye-tourisme.fr\/wp-content\/uploads\/2024\/04\/affiche-hfe-2023-425x600.jpg 425w, https:\/\/www.hendaye-tourisme.fr\/wp-content\/uploads\/2024\/04\/affiche-hfe-2023-726x1024.jpg 726w, https:\/\/www.hendaye-tourisme.fr\/wp-content\/uploads\/2024\/04\/affiche-hfe-2023-768x1084.jpg 768w, https:\/\/www.hendaye-tourisme.fr\/wp-content\/uploads\/2024\/04\/affiche-hfe-2023-1088x1536.jpg 1088w\" sizes=\"(max-width: 1451px) 100vw, 1451px\" \/><\/figure>\n<\/div><\/div>\n\n\n\n<div class=\"wp-block-column is-vertically-aligned-center is-layout-flow wp-block-column-is-layout-flow\" style=\"flex-basis:66.66%\">\n<h3 class=\"wp-block-heading has-text-align-center has-white-color has-text-color\">Programa completo en <\/h3>\n\n\n\n<div style=\"height:20px\" aria-hidden=\"true\" class=\"wp-block-spacer\"><\/div>\n\n\n\n<div class=\"wp-block-buttons is-content-justification-center is-layout-flex wp-container-core-buttons-is-layout-16018d1d wp-block-buttons-is-layout-flex\">\n<div class=\"wp-block-button has-custom-font-size is-style-outline has-large-font-size is-style-outline--1\"><a class=\"wp-block-button__link has-blue-color has-light-blue-background-color has-text-color has-background has-link-color wp-element-button\" href=\"https:\/\/www.hendayefetelete.com\/\" target=\"_blank\" rel=\"noreferrer noopener\"><strong>www.hendayefetelete.com<\/strong><\/a><\/div>\n<\/div>\n\n\n\n<div style=\"height:50px\" aria-hidden=\"true\" class=\"wp-block-spacer\"><\/div>\n\n\n\n<p class=\"has-text-align-center has-white-color has-text-color has-link-color has-small-font-size wp-elements-76dfafdafd32a72aeea308aaf9bda075\">Cualquier aplazamiento, cancelaci\u00f3n o informaci\u00f3n de \u00faltima hora<br\/>se anunciar\u00e1n en la p\u00e1gina de inicio del sitio web espec\u00edfico y en <a href=\"https:\/\/www.facebook.com\/Hendaye.Tourisme\">nuestra p\u00e1gina de Facebook<\/a>.<\/p>\n\n\n\n<div style=\"height:50px\" aria-hidden=\"true\" class=\"wp-block-spacer\"><\/div>\n\n\n\n<p class=\"has-text-align-center\"><strong>Informaci\u00f3n <\/strong>: Hendaye Tourisme <br\/>Tel. : 05 59 20 00 34<\/p>\n<\/div>\n<\/div>\n<\/div><\/section>\n\n<div style=\"height:15px\" aria-hidden=\"true\" class=\"wp-block-spacer\"><\/div>\n\n<p>Si eres aficionado al teatro o al circo, o simplemente buscas una velada inolvidable, <strong>\u00abHendaya Fiesta del Verano\u00bb es el acontecimiento que no te puedes perder a principios de verano<\/strong>.  <br\/><strong>No necesitas entradas ni reservas<\/strong>, s\u00f3lo d\u00e9jate llevar por el encanto de los espect\u00e1culos y disfruta del ambiente festivo que reina en las calles de la ciudad.<\/p>\n\n<section class=\"wp-block-group\"><div class=\"wp-block-group__inner-container is-layout-constrained wp-block-group-is-layout-constrained\">\n<h2 class=\"wp-block-heading has-text-align-center tilde\">Una muestra de la pr\u00f3xima edici\u00f3n&#8230;<\/h2>\n\n\n<div id=\"ts-block-65d364536555f\"  class=\"\">\n\t<div class=\"swiper-container tis_item_box-swiper\"><div data-block_id=\"ts-block-65d364536555f\" class=\"tis_item_box_container  columns-3  with-slide slide-ts-block-65d364536555f\"><div class=\"swiper-wrapper\" data-nb_col=\"3\" id=\"ts-block-65d364536555f\"><\/div><\/div><div class=\"swiper-button-prev prev-ts-block-65d364536555f\"><\/div><div class=\"swiper-button-next next-ts-block-65d364536555f\"><\/div><\/div><\/div>\n\n\n\n<div style=\"height:50px\" aria-hidden=\"true\" class=\"wp-block-spacer\"><\/div>\n\n\n\n<div class=\"wp-block-buttons is-content-justification-center is-layout-flex wp-container-core-buttons-is-layout-16018d1d wp-block-buttons-is-layout-flex\">\n<div class=\"wp-block-button has-custom-font-size has-medium-font-size\"><a class=\"wp-block-button__link has-white-color has-blue-background-color has-text-color has-background wp-element-button\" href=\"https:\/\/www.hendaye-tourisme.fr\/es\/agenda\/\" target=\"_blank\" rel=\"noreferrer noopener\">y algunas ideas m\u00e1s para eventos<\/a><\/div>\n<\/div>\n<\/div><\/section>\n","protected":false},"excerpt":{"rendered":"<p>Durante 3 d\u00edas, un artista tras otro te deleitar\u00e1 con improvisaciones teatrales, espect\u00e1culos de fuego, n\u00fameros circenses&#8230; Toda la ciudad vibrar\u00e1 al ritmo de los espect\u00e1culos en directo y el arte callejero. Prep\u00e1rate para un festival extravagante&#8230; HENDAYE CELEBRA EL VERANO Accesible a todos y totalmente gratuito,los espect\u00e1culos de Hendaya [&hellip;]<\/p>\n","protected":false},"author":1,"featured_media":40127,"parent":30235,"menu_order":0,"comment_status":"closed","ping_status":"closed","template":"","meta":{"_acf_changed":false,"_seopress_robots_primary_cat":"","_seopress_titles_title":"Hendaya celebra el Verano | Oficina de Turismo de Hendaya","_seopress_titles_desc":"\u00a1Va a ser un verano caluroso en Hendaya! \u00a1Cada a\u00f1o, del 10 al 12 de julio, una sucesi\u00f3n de artistas sube al escenario para deleitarte con improvisaciones teatrales, espect\u00e1culos de fuego y n\u00fameros de circo...!","_seopress_robots_index":"","footnotes":""},"class_list":["post-30246","page","type-page","status-publish","has-post-thumbnail","hentry"],"acf":[],"_links":{"self":[{"href":"https:\/\/www.hendaye-tourisme.fr\/es\/wp-json\/wp\/v2\/pages\/30246","targetHints":{"allow":["GET"]}}],"collection":[{"href":"https:\/\/www.hendaye-tourisme.fr\/es\/wp-json\/wp\/v2\/pages"}],"about":[{"href":"https:\/\/www.hendaye-tourisme.fr\/es\/wp-json\/wp\/v2\/types\/page"}],"author":[{"embeddable":true,"href":"https:\/\/www.hendaye-tourisme.fr\/es\/wp-json\/wp\/v2\/users\/1"}],"replies":[{"embeddable":true,"href":"https:\/\/www.hendaye-tourisme.fr\/es\/wp-json\/wp\/v2\/comments?post=30246"}],"version-history":[{"count":2,"href":"https:\/\/www.hendaye-tourisme.fr\/es\/wp-json\/wp\/v2\/pages\/30246\/revisions"}],"predecessor-version":[{"id":40214,"href":"https:\/\/www.hendaye-tourisme.fr\/es\/wp-json\/wp\/v2\/pages\/30246\/revisions\/40214"}],"up":[{"embeddable":true,"href":"https:\/\/www.hendaye-tourisme.fr\/es\/wp-json\/wp\/v2\/pages\/30235"}],"wp:featuredmedia":[{"embeddable":true,"href":"https:\/\/www.hendaye-tourisme.fr\/es\/wp-json\/wp\/v2\/media\/40127"}],"wp:attachment":[{"href":"https:\/\/www.hendaye-tourisme.fr\/es\/wp-json\/wp\/v2\/media?parent=30246"}],"curies":[{"name":"wp","href":"https:\/\/api.w.org\/{rel}","templated":true}]}}