{"id":30217,"date":"2023-12-18T16:09:29","date_gmt":"2023-12-18T15:09:29","guid":{"rendered":"https:\/\/www.hendaye-tourisme.fr\/alojamiento\/donde-dormir\/"},"modified":"2025-02-26T14:04:55","modified_gmt":"2025-02-26T13:04:55","slug":"donde-dormir","status":"publish","type":"page","link":"https:\/\/www.hendaye-tourisme.fr\/es\/alojamiento\/donde-dormir\/","title":{"rendered":"\u00bfD\u00f3nde dormir?"},"content":{"rendered":"\n<div class=\"wp-block-columns is-layout-flex wp-container-core-columns-is-layout-9d6595d7 wp-block-columns-is-layout-flex\">\n<div class=\"wp-block-column is-layout-flow wp-block-column-is-layout-flow\" style=\"flex-basis:33.33%\"><div class=\"highlight-bloc-container \" id=\"ts-block-65368af54ee28\"  >\n\t<div class=\"highlight-bloc-content\">\n\t\t<div class=\"acf-innerblocks-container\">\n\n<h2 class=\"wp-block-heading suptitle\">Dormir bien es esencial para disfrutar de una buena estancia en el Pa\u00eds Vasco.<\/h2>\n\n<\/div>\t<\/div>\n<\/div>\n<\/div>\n\n\n\n<div class=\"wp-block-column is-layout-flow wp-block-column-is-layout-flow\" style=\"flex-basis:66.66%\">\n<p>Tanto si busca la comodidad de un hotel de 4 estrellas como la sombra natural de un camping, Hendaya es su base ideal.<\/p>\n\n\n\n<p>Si opta por una escapada rom\u00e1ntica o un fin de semana fuera de lo com\u00fan, encontrar\u00e1 toda una gama de alquileres vacacionales clasificados, en el barrio de la playa o encaramados en las alturas de la ciudad.<br>Los B&amp;B repartidos por todo el destino le dar\u00e1n acceso a los mejores consejos de los lugare\u00f1os.<\/p>\n\n\n\n<p>\u00a1S\u00f3lo quiere poner los pies debajo de la mesa! D\u00e9jese seducir por las residencias tur\u00edsticas, con toda su gama de servicios e instalaciones, \u00a1para unas vacaciones al mejor precio!<\/p>\n\n\n\n<p>Por nombrar s\u00f3lo algunos&#8230;<\/p>\n<\/div>\n<\/div>\n\n\n\n<div style=\"height:50px\" aria-hidden=\"true\" class=\"wp-block-spacer\"><\/div>\n\n\n\n<div class=\"wp-block-columns is-layout-flex wp-container-core-columns-is-layout-9d6595d7 wp-block-columns-is-layout-flex\">\n<div class=\"wp-block-column is-layout-flow wp-block-column-is-layout-flow\"><div class=\"banner-container  text-shadow with-overlay btn-hover\" id=\"ts-block-646f624570910\"  >\n\t\t<a href=\"\/es\/alojamiento\/hoteles\/?search=1\" target=\"\">\n\t\t\t<div class=\"banner-content\">\n\n<div class=\"wp-block-cover is-light has-custom-content-position is-position-top-left\" style=\"min-height:350px;aspect-ratio:unset;\"><span aria-hidden=\"true\" class=\"wp-block-cover__background has-background-dim\"><\/span><img decoding=\"async\" width=\"2048\" height=\"1366\" class=\"wp-block-cover__image-background wp-image-4100\" alt=\"\" src=\"https:\/\/www.hendaye-tourisme.fr\/wp-content\/uploads\/2023\/12\/Chambre-dhotel-\u00a9Relais-Thalasso-Hendaye-Hendaye-Tourisme-scaled.jpg\" style=\"object-position:50% 50%\" data-object-fit=\"cover\" data-object-position=\"50% 50%\" srcset=\"https:\/\/www.hendaye-tourisme.fr\/wp-content\/uploads\/2023\/12\/Chambre-dhotel-\u00a9Relais-Thalasso-Hendaye-Hendaye-Tourisme-scaled.jpg 2048w, https:\/\/www.hendaye-tourisme.fr\/wp-content\/uploads\/2023\/12\/Chambre-dhotel-\u00a9Relais-Thalasso-Hendaye-Hendaye-Tourisme-800x534.jpg 800w, https:\/\/www.hendaye-tourisme.fr\/wp-content\/uploads\/2023\/12\/Chambre-dhotel-\u00a9Relais-Thalasso-Hendaye-Hendaye-Tourisme-1024x683.jpg 1024w, https:\/\/www.hendaye-tourisme.fr\/wp-content\/uploads\/2023\/12\/Chambre-dhotel-\u00a9Relais-Thalasso-Hendaye-Hendaye-Tourisme-768x512.jpg 768w, https:\/\/www.hendaye-tourisme.fr\/wp-content\/uploads\/2023\/12\/Chambre-dhotel-\u00a9Relais-Thalasso-Hendaye-Hendaye-Tourisme-1536x1024.jpg 1536w\" sizes=\"(max-width: 2048px) 100vw, 2048px\" \/><div class=\"wp-block-cover__inner-container is-layout-flow wp-block-cover-is-layout-flow\">\n<h3 class=\"wp-block-heading has-white-color has-text-color\">Hoteles<\/h3>\n<\/div><\/div>\n\n<\/div>\t\t\t\t\t<div class=\"wp-block-button is-style-outline\">\n\t\t\t<button class=\"wp-block-button__link\">M\u00e1s informaci\u00f3n<\/button>\n\t\t<\/div>\n\t\t\t<\/a>\n\t\t<\/div>\n<\/div>\n\n\n\n<div class=\"wp-block-column is-layout-flow wp-block-column-is-layout-flow\">\n<div class=\"wp-block-columns mb-0 is-layout-flex wp-container-core-columns-is-layout-9d6595d7 wp-block-columns-is-layout-flex\">\n<div class=\"wp-block-column is-layout-flow wp-block-column-is-layout-flow\"><div class=\"banner-container  text-shadow with-overlay btn-hover\" id=\"ts-block-646f624570910\"  >\n\t\t<a href=\"\/es\/alojamiento\/alojamiento-y-desayuno\/?search=1\" target=\"\">\n\t\t\t<div class=\"banner-content\">\n\n<div class=\"wp-block-cover has-custom-content-position is-position-top-left\" style=\"min-height:350px;aspect-ratio:unset;\"><span aria-hidden=\"true\" class=\"wp-block-cover__background has-background-dim\"><\/span><img decoding=\"async\" width=\"2048\" height=\"952\" class=\"wp-block-cover__image-background wp-image-4104\" alt=\"Chambres d'ho\u0302tes de la Villa Enara \u00e0 Hendaye\" src=\"https:\/\/www.hendaye-tourisme.fr\/wp-content\/uploads\/2023\/12\/Chambres-dhotes-\u00a9Villa-Enara-Hendaye-Hendaye-Tourisme-scaled.jpg\" style=\"object-position:58% 37%\" data-object-fit=\"cover\" data-object-position=\"58% 37%\" srcset=\"https:\/\/www.hendaye-tourisme.fr\/wp-content\/uploads\/2023\/12\/Chambres-dhotes-\u00a9Villa-Enara-Hendaye-Hendaye-Tourisme-scaled.jpg 2048w, https:\/\/www.hendaye-tourisme.fr\/wp-content\/uploads\/2023\/12\/Chambres-dhotes-\u00a9Villa-Enara-Hendaye-Hendaye-Tourisme-800x372.jpg 800w, https:\/\/www.hendaye-tourisme.fr\/wp-content\/uploads\/2023\/12\/Chambres-dhotes-\u00a9Villa-Enara-Hendaye-Hendaye-Tourisme-1024x476.jpg 1024w, https:\/\/www.hendaye-tourisme.fr\/wp-content\/uploads\/2023\/12\/Chambres-dhotes-\u00a9Villa-Enara-Hendaye-Hendaye-Tourisme-768x357.jpg 768w, https:\/\/www.hendaye-tourisme.fr\/wp-content\/uploads\/2023\/12\/Chambres-dhotes-\u00a9Villa-Enara-Hendaye-Hendaye-Tourisme-1536x714.jpg 1536w\" sizes=\"(max-width: 2048px) 100vw, 2048px\" \/><div class=\"wp-block-cover__inner-container is-layout-flow wp-block-cover-is-layout-flow\">\n<h3 class=\"wp-block-heading has-white-color has-text-color\">Alojamiento y desayuno<\/h3>\n<\/div><\/div>\n\n<\/div>\t\t\t\t\t<div class=\"wp-block-button is-style-outline\">\n\t\t\t<button class=\"wp-block-button__link\">M\u00e1s informaci\u00f3n<\/button>\n\t\t<\/div>\n\t\t\t<\/a>\n\t\t<\/div>\n<\/div>\n\n\n\n<div class=\"wp-block-column is-layout-flow wp-block-column-is-layout-flow\"><div class=\"banner-container  text-shadow with-overlay btn-hover\" id=\"ts-block-646f624570910\"  >\n\t\t<a href=\"\/es\/alojamiento\/alquileres-de-vacaciones\/?search=1\" target=\"\">\n\t\t\t<div class=\"banner-content\">\n\n<div class=\"wp-block-cover has-custom-content-position is-position-top-left\" style=\"min-height:350px;aspect-ratio:unset;\"><span aria-hidden=\"true\" class=\"wp-block-cover__background has-background-dim\"><\/span><img decoding=\"async\" width=\"1600\" height=\"1067\" class=\"wp-block-cover__image-background wp-image-4112\" alt=\"Appartement Lorrain - Balcon avec table et vue sur les hauteurs d'Hendaye - Hendaye Tourisme\" src=\"https:\/\/www.hendaye-tourisme.fr\/wp-content\/uploads\/2023\/12\/Appartement-Lorrain-Balcon-table-2-Hendaye-Tourisme.jpg\" style=\"object-position:52% 54%\" data-object-fit=\"cover\" data-object-position=\"52% 54%\" srcset=\"https:\/\/www.hendaye-tourisme.fr\/wp-content\/uploads\/2023\/12\/Appartement-Lorrain-Balcon-table-2-Hendaye-Tourisme.jpg 1600w, https:\/\/www.hendaye-tourisme.fr\/wp-content\/uploads\/2023\/12\/Appartement-Lorrain-Balcon-table-2-Hendaye-Tourisme-800x534.jpg 800w, https:\/\/www.hendaye-tourisme.fr\/wp-content\/uploads\/2023\/12\/Appartement-Lorrain-Balcon-table-2-Hendaye-Tourisme-1024x683.jpg 1024w, https:\/\/www.hendaye-tourisme.fr\/wp-content\/uploads\/2023\/12\/Appartement-Lorrain-Balcon-table-2-Hendaye-Tourisme-768x512.jpg 768w, https:\/\/www.hendaye-tourisme.fr\/wp-content\/uploads\/2023\/12\/Appartement-Lorrain-Balcon-table-2-Hendaye-Tourisme-1536x1024.jpg 1536w\" sizes=\"(max-width: 1600px) 100vw, 1600px\" \/><div class=\"wp-block-cover__inner-container is-layout-flow wp-block-cover-is-layout-flow\">\n<h3 class=\"wp-block-heading has-white-color has-text-color\">Alquileres de vacaciones<\/h3>\n<\/div><\/div>\n\n<\/div>\t\t\t\t\t<div class=\"wp-block-button is-style-outline\">\n\t\t\t<button class=\"wp-block-button__link\">M\u00e1s informaci\u00f3n<\/button>\n\t\t<\/div>\n\t\t\t<\/a>\n\t\t<\/div>\n<\/div>\n<\/div>\n<\/div>\n<\/div>\n\n\n\n<div class=\"wp-block-columns is-layout-flex wp-container-core-columns-is-layout-9d6595d7 wp-block-columns-is-layout-flex\">\n<div class=\"wp-block-column is-layout-flow wp-block-column-is-layout-flow\"><div class=\"banner-container  text-shadow with-overlay btn-hover\" id=\"ts-block-646f624570910\"  >\n\t\t<a href=\"\/es\/alojamiento\/campings\/?search=1\" target=\"\">\n\t\t\t<div class=\"banner-content\">\n\n<div class=\"wp-block-cover has-custom-content-position is-position-top-left\" style=\"min-height:350px;aspect-ratio:unset;\"><span aria-hidden=\"true\" class=\"wp-block-cover__background has-background-dim\"><\/span><img decoding=\"async\" width=\"2048\" height=\"1365\" class=\"wp-block-cover__image-background wp-image-4116\" alt=\"Mobilhome au Camping Eskualduna avec sa terasse fleurie \u00e0 Hendaye\" src=\"https:\/\/www.hendaye-tourisme.fr\/wp-content\/uploads\/2023\/12\/Mobilhome-Camping-Eskualduna-Hendaye-Tourisme-scaled.jpg\" style=\"object-position:65% 44%\" data-object-fit=\"cover\" data-object-position=\"65% 44%\" srcset=\"https:\/\/www.hendaye-tourisme.fr\/wp-content\/uploads\/2023\/12\/Mobilhome-Camping-Eskualduna-Hendaye-Tourisme-scaled.jpg 2048w, https:\/\/www.hendaye-tourisme.fr\/wp-content\/uploads\/2023\/12\/Mobilhome-Camping-Eskualduna-Hendaye-Tourisme-800x533.jpg 800w, https:\/\/www.hendaye-tourisme.fr\/wp-content\/uploads\/2023\/12\/Mobilhome-Camping-Eskualduna-Hendaye-Tourisme-1024x683.jpg 1024w, https:\/\/www.hendaye-tourisme.fr\/wp-content\/uploads\/2023\/12\/Mobilhome-Camping-Eskualduna-Hendaye-Tourisme-768x512.jpg 768w, https:\/\/www.hendaye-tourisme.fr\/wp-content\/uploads\/2023\/12\/Mobilhome-Camping-Eskualduna-Hendaye-Tourisme-1536x1024.jpg 1536w\" sizes=\"(max-width: 2048px) 100vw, 2048px\" \/><div class=\"wp-block-cover__inner-container is-layout-flow wp-block-cover-is-layout-flow\">\n<h3 class=\"wp-block-heading has-white-color has-text-color\">Campings<\/h3>\n<\/div><\/div>\n\n<\/div>\t\t\t\t\t<div class=\"wp-block-button is-style-outline\">\n\t\t\t<button class=\"wp-block-button__link\">M\u00e1s informaci\u00f3n<\/button>\n\t\t<\/div>\n\t\t\t<\/a>\n\t\t<\/div>\n<\/div>\n\n\n\n<div class=\"wp-block-column is-layout-flow wp-block-column-is-layout-flow\"><div class=\"banner-container  text-shadow with-overlay btn-hover\" id=\"ts-block-646f624570939\"  >\n\t\t<a href=\"\/es\/alojamiento\/apartahoteles\/?search=1\" target=\"\">\n\t\t\t<div class=\"banner-content\">\n\n<div class=\"wp-block-cover has-custom-content-position is-position-top-left\" style=\"min-height:350px;aspect-ratio:unset;\"><span aria-hidden=\"true\" class=\"wp-block-cover__background has-background-dim\"><\/span><img decoding=\"async\" width=\"2048\" height=\"1538\" class=\"wp-block-cover__image-background wp-image-4120\" alt=\"Vue ext\u00e9rieure de la r\u00e9sidence Sokoburu Mer et golf avec sa piscine - Hendaye Tourisme\" src=\"https:\/\/www.hendaye-tourisme.fr\/wp-content\/uploads\/2023\/12\/Vue-exterieure-de-la-residence-\u00a9Sokoburu-Mer-et-golf-Hendaye-Tourisme-scaled.jpg\" style=\"object-position:54% 55%\" data-object-fit=\"cover\" data-object-position=\"54% 55%\" srcset=\"https:\/\/www.hendaye-tourisme.fr\/wp-content\/uploads\/2023\/12\/Vue-exterieure-de-la-residence-\u00a9Sokoburu-Mer-et-golf-Hendaye-Tourisme-scaled.jpg 2048w, https:\/\/www.hendaye-tourisme.fr\/wp-content\/uploads\/2023\/12\/Vue-exterieure-de-la-residence-\u00a9Sokoburu-Mer-et-golf-Hendaye-Tourisme-800x600.jpg 800w, https:\/\/www.hendaye-tourisme.fr\/wp-content\/uploads\/2023\/12\/Vue-exterieure-de-la-residence-\u00a9Sokoburu-Mer-et-golf-Hendaye-Tourisme-1024x769.jpg 1024w, https:\/\/www.hendaye-tourisme.fr\/wp-content\/uploads\/2023\/12\/Vue-exterieure-de-la-residence-\u00a9Sokoburu-Mer-et-golf-Hendaye-Tourisme-768x577.jpg 768w, https:\/\/www.hendaye-tourisme.fr\/wp-content\/uploads\/2023\/12\/Vue-exterieure-de-la-residence-\u00a9Sokoburu-Mer-et-golf-Hendaye-Tourisme-1536x1153.jpg 1536w\" sizes=\"(max-width: 2048px) 100vw, 2048px\" \/><div class=\"wp-block-cover__inner-container is-layout-flow wp-block-cover-is-layout-flow\">\n<h3 class=\"wp-block-heading has-white-color has-text-color\">Aparthoteles<\/h3>\n<\/div><\/div>\n\n<\/div>\t\t\t\t\t<div class=\"wp-block-button is-style-outline\">\n\t\t\t<button class=\"wp-block-button__link\">M\u00e1s informaci\u00f3n<\/button>\n\t\t<\/div>\n\t\t\t<\/a>\n\t\t<\/div>\n<\/div>\n\n\n\n<div class=\"wp-block-column is-layout-flow wp-block-column-is-layout-flow\"><div class=\"banner-container  text-shadow with-overlay btn-hover\" id=\"ts-block-646f624570939\"  >\n\t\t<a href=\"\/es\/alojamiento\/ciudad-de-vacaciones\/?search=1\" target=\"\">\n\t\t\t<div class=\"banner-content\">\n\n<div class=\"wp-block-cover is-light has-custom-content-position is-position-top-left wp-elements-ed26319a45bdd8d587af3a2667e690b7\" style=\"min-height:350px;aspect-ratio:unset;\"><span aria-hidden=\"true\" class=\"wp-block-cover__background has-background-dim\"><\/span><img decoding=\"async\" width=\"1100\" height=\"734\" class=\"wp-block-cover__image-background wp-image-4128\" alt=\"Vue de la terrasse ext\u00e9rieure du village vacances Azureva Galbarreta - Hendaye Tourisme\" src=\"https:\/\/www.hendaye-tourisme.fr\/wp-content\/uploads\/2023\/12\/Vue-de-la-terrasse-exterieure-du-village-vacances-Azureva-Galbarreta-Hendaye-Tourisme.jpg\" data-object-fit=\"cover\" srcset=\"https:\/\/www.hendaye-tourisme.fr\/wp-content\/uploads\/2023\/12\/Vue-de-la-terrasse-exterieure-du-village-vacances-Azureva-Galbarreta-Hendaye-Tourisme.jpg 1100w, https:\/\/www.hendaye-tourisme.fr\/wp-content\/uploads\/2023\/12\/Vue-de-la-terrasse-exterieure-du-village-vacances-Azureva-Galbarreta-Hendaye-Tourisme-800x534.jpg 800w, https:\/\/www.hendaye-tourisme.fr\/wp-content\/uploads\/2023\/12\/Vue-de-la-terrasse-exterieure-du-village-vacances-Azureva-Galbarreta-Hendaye-Tourisme-1024x683.jpg 1024w, https:\/\/www.hendaye-tourisme.fr\/wp-content\/uploads\/2023\/12\/Vue-de-la-terrasse-exterieure-du-village-vacances-Azureva-Galbarreta-Hendaye-Tourisme-768x512.jpg 768w\" sizes=\"(max-width: 1100px) 100vw, 1100px\" \/><div class=\"wp-block-cover__inner-container is-layout-flow wp-block-cover-is-layout-flow\">\n<h3 class=\"wp-block-heading has-white-color has-text-color has-link-color wp-elements-e6ed03d78fb5c26c39af4c877ca52701\">Centro de vacaciones<\/h3>\n<\/div><\/div>\n\n<\/div>\t\t\t\t\t<div class=\"wp-block-button is-style-outline\">\n\t\t\t<button class=\"wp-block-button__link\">M\u00e1s informaci\u00f3n<\/button>\n\t\t<\/div>\n\t\t\t<\/a>\n\t\t<\/div>\n<\/div>\n<\/div>\n\n\n\t<div id=\"ts-block-65807e362dd67\">\n\t\n\t\t<!-- Slider main container -->\n\t\t\n\t\t\t<div class=\"carrousel-container \" data-nb_col=\"5\">\n\t\t\t\t\t\t\t\t\t<article class=\"cover   is-position-top\" style=\"min-height: 250px;\">\n\t\t\t\t\t\t\t<a href=\"https:\/\/www.hendaye-tourisme.fr\/es\/alojamiento\/alojamientos-colectivos\/HCOLLAQU0640002P-auberge-collective-bella-vista-guest-center-pays-basque\/\" target=\"\">\n\n\t<figure class=\"with-overlay is-style-copyright\">\n\t\t<img decoding=\"async\" width=\"800\" height=\"533\" src=\"https:\/\/www.hendaye-tourisme.fr\/wp-content\/uploads\/2023\/12\/cbehorizon-bellavistahendaye-9Z2A8783-HDR-800x533.jpg\" class=\"attachment-medium size-medium\" alt=\"Terrasse ext\u00e9rieure du centre de vacances behorizon - bella vistahendaye - Hendaye Tourisme\" srcset=\"https:\/\/www.hendaye-tourisme.fr\/wp-content\/uploads\/2023\/12\/cbehorizon-bellavistahendaye-9Z2A8783-HDR-800x533.jpg 800w, https:\/\/www.hendaye-tourisme.fr\/wp-content\/uploads\/2023\/12\/cbehorizon-bellavistahendaye-9Z2A8783-HDR-1024x683.jpg 1024w, https:\/\/www.hendaye-tourisme.fr\/wp-content\/uploads\/2023\/12\/cbehorizon-bellavistahendaye-9Z2A8783-HDR-768x512.jpg 768w, https:\/\/www.hendaye-tourisme.fr\/wp-content\/uploads\/2023\/12\/cbehorizon-bellavistahendaye-9Z2A8783-HDR-1536x1024.jpg 1536w, https:\/\/www.hendaye-tourisme.fr\/wp-content\/uploads\/2023\/12\/cbehorizon-bellavistahendaye-9Z2A8783-HDR-scaled.jpg 2048w\" sizes=\"(max-width: 800px) 100vw, 800px\" \/>\t\t\t\t<figcaption class=\"carrousel-content has-text-align-left\" style=\"justify-content: flex-start\">\n\t\t\t<div>\n\t\t\t\t<h3 class=\" text-shadow\">Otro alojamiento<\/h3>\n\t\t\t\t\t\t\t<\/div>\n\t\t\t\t\t<\/figcaption>\n\t\t\t<\/figure>\n\t\n\n\n\n<\/a>\n\t\t\t\t\t<\/article>\n\t\t\t\t\t\t\t\t\t<article class=\"cover   is-position-top\" style=\"min-height: 250px;\">\n\t\t\t\t\t\t\t<a href=\"\/es\/alojamiento\/?search=1\/?search=1&#038;tis_handicap%5B%5D=Handicap+auditif&#038;tis_handicap%5B%5D=Handicap+mental&#038;tis_handicap%5B%5D=Handicap+moteur&#038;tis_handicap%5B%5D=Handicap+visuel\" target=\"\">\n\n\t<figure class=\"with-overlay is-style-copyright\">\n\t\t<img decoding=\"async\" width=\"644\" height=\"600\" src=\"https:\/\/www.hendaye-tourisme.fr\/wp-content\/uploads\/2023\/12\/helios2.jpg-644x600.webp\" class=\"attachment-medium size-medium\" alt=\"Int\u00e9rieur d&#039;un mobilhome adapt\u00e9 aux personnes \u00e0 mobilit\u00e9 r\u00e9duite du camping Eskualduna - Hendaye Tourisme\" srcset=\"https:\/\/www.hendaye-tourisme.fr\/wp-content\/uploads\/2023\/12\/helios2.jpg-644x600.webp 644w, https:\/\/www.hendaye-tourisme.fr\/wp-content\/uploads\/2023\/12\/helios2.jpg-768x715.webp 768w, https:\/\/www.hendaye-tourisme.fr\/wp-content\/uploads\/2023\/12\/helios2.jpg.webp 900w\" sizes=\"(max-width: 644px) 100vw, 644px\" \/>\t\t\t\t<figcaption class=\"carrousel-content has-text-align-left\" style=\"justify-content: flex-start\">\n\t\t\t<div>\n\t\t\t\t<h3 class=\" text-shadow\">Alojamientos accesibles<\/h3>\n\t\t\t\t\t\t\t<\/div>\n\t\t\t\t\t<\/figcaption>\n\t\t\t<\/figure>\n\t\n\n\n\n<\/a>\n\t\t\t\t\t<\/article>\n\t\t\t\t\t\t\t\t\t<article class=\"cover   is-position-top\" style=\"min-height: 250px;\">\n\t\t\t\t\t\t\t<a href=\"\/es\/alojamiento\/autocaravanas\" target=\"\">\n\n\t<figure class=\"with-overlay is-style-copyright\">\n\t\t<img decoding=\"async\" width=\"800\" height=\"301\" src=\"https:\/\/www.hendaye-tourisme.fr\/wp-content\/uploads\/2023\/12\/Aire-pour-camping-cars-a-Hendaye-plage-800x301.jpg\" class=\"attachment-medium size-medium\" alt=\"Aire pour camping-cars \u00e0 Hendaye-plage\" srcset=\"https:\/\/www.hendaye-tourisme.fr\/wp-content\/uploads\/2023\/12\/Aire-pour-camping-cars-a-Hendaye-plage-800x301.jpg 800w, https:\/\/www.hendaye-tourisme.fr\/wp-content\/uploads\/2023\/12\/Aire-pour-camping-cars-a-Hendaye-plage-1024x385.jpg 1024w, https:\/\/www.hendaye-tourisme.fr\/wp-content\/uploads\/2023\/12\/Aire-pour-camping-cars-a-Hendaye-plage-768x289.jpg 768w, https:\/\/www.hendaye-tourisme.fr\/wp-content\/uploads\/2023\/12\/Aire-pour-camping-cars-a-Hendaye-plage-1536x578.jpg 1536w, https:\/\/www.hendaye-tourisme.fr\/wp-content\/uploads\/2023\/12\/Aire-pour-camping-cars-a-Hendaye-plage-scaled.jpg 2048w\" sizes=\"(max-width: 800px) 100vw, 800px\" \/>\t\t\t\t<figcaption class=\"carrousel-content has-text-align-left\" style=\"justify-content: flex-start\">\n\t\t\t<div>\n\t\t\t\t<h3 class=\" text-shadow\">Autocaravanas<\/h3>\n\t\t\t\t\t\t\t<\/div>\n\t\t\t\t\t<\/figcaption>\n\t\t\t<\/figure>\n\t\n\n\n\n<\/a>\n\t\t\t\t\t<\/article>\n\t\t\t\t\t\t\t\t\t<article class=\"cover   is-position-top\" style=\"min-height: 250px;\">\n\t\t\t\t\t\t\t<a href=\"\/es\/alojamiento\/agencias-inmobiliarias\/\" target=\"\">\n\n\t<figure class=\"with-overlay is-style-copyright\">\n\t\t<img decoding=\"async\" width=\"800\" height=\"534\" src=\"https:\/\/www.hendaye-tourisme.fr\/wp-content\/uploads\/2025\/01\/vitrines-square-habitat-hendaye-hendaye-tourisme-800x534.jpg\" class=\"attachment-medium size-medium\" alt=\"\" srcset=\"https:\/\/www.hendaye-tourisme.fr\/wp-content\/uploads\/2025\/01\/vitrines-square-habitat-hendaye-hendaye-tourisme-800x534.jpg 800w, https:\/\/www.hendaye-tourisme.fr\/wp-content\/uploads\/2025\/01\/vitrines-square-habitat-hendaye-hendaye-tourisme-768x513.jpg 768w, https:\/\/www.hendaye-tourisme.fr\/wp-content\/uploads\/2025\/01\/vitrines-square-habitat-hendaye-hendaye-tourisme.jpg 1024w\" sizes=\"(max-width: 800px) 100vw, 800px\" \/>\t\t\t\t<figcaption class=\"carrousel-content has-text-align-left\" style=\"justify-content: flex-start\">\n\t\t\t<div>\n\t\t\t\t<h3 class=\" text-shadow\">Agencias inmobiliarias<\/h3>\n\t\t\t\t\t\t\t<\/div>\n\t\t\t\t\t<\/figcaption>\n\t\t\t<\/figure>\n\t\n\n\n\n<\/a>\n\t\t\t\t\t<\/article>\n\t\t\t\t\t\t\t\t\t<article class=\"cover   is-position-top\" style=\"min-height: 250px;\">\n\t\t\t\t\t\t\t<a href=\"\/es\/alojamiento\/donde-dormir\/alojamiento-con-etiqueta-ecologica\/\" target=\"\">\n\n\t<figure class=\"with-overlay is-style-copyright\">\n\t\t<img decoding=\"async\" width=\"800\" height=\"533\" src=\"https:\/\/www.hendaye-tourisme.fr\/wp-content\/uploads\/2024\/01\/Relais-Thalasso-Ibaia-2023.03-11-Hendaye-Tourisme-800x533.jpg\" class=\"attachment-medium size-medium\" alt=\"Lit d&#039;une chambre de l&#039;h\u00f4tel Ibaia \u00e0 Hendaye Plage, au Pays Basque.\" srcset=\"https:\/\/www.hendaye-tourisme.fr\/wp-content\/uploads\/2024\/01\/Relais-Thalasso-Ibaia-2023.03-11-Hendaye-Tourisme-800x533.jpg 800w, https:\/\/www.hendaye-tourisme.fr\/wp-content\/uploads\/2024\/01\/Relais-Thalasso-Ibaia-2023.03-11-Hendaye-Tourisme-1024x683.jpg 1024w, https:\/\/www.hendaye-tourisme.fr\/wp-content\/uploads\/2024\/01\/Relais-Thalasso-Ibaia-2023.03-11-Hendaye-Tourisme-768x512.jpg 768w, https:\/\/www.hendaye-tourisme.fr\/wp-content\/uploads\/2024\/01\/Relais-Thalasso-Ibaia-2023.03-11-Hendaye-Tourisme-1536x1024.jpg 1536w, https:\/\/www.hendaye-tourisme.fr\/wp-content\/uploads\/2024\/01\/Relais-Thalasso-Ibaia-2023.03-11-Hendaye-Tourisme-scaled.jpg 2048w\" sizes=\"(max-width: 800px) 100vw, 800px\" \/>\t\t\t\t<figcaption class=\"carrousel-content has-text-align-left\" style=\"justify-content: flex-start\">\n\t\t\t<div>\n\t\t\t\t<h3 class=\" text-shadow\">Alojamientos ecoetiquetados<\/h3>\n\t\t\t\t\t\t\t<\/div>\n\t\t\t\t\t<\/figcaption>\n\t\t\t<\/figure>\n\t\n\n\n\n<\/a>\n\t\t\t\t\t<\/article>\n\t\t\t\t\t\t\t<\/div>\n\t\t\t\n\t\t\t<\/div>\n","protected":false},"excerpt":{"rendered":"<p>Tanto si busca la comodidad de un hotel de 4 estrellas como la sombra natural de un camping, Hendaya es su base ideal. Si opta por una escapada rom\u00e1ntica o un fin de semana fuera de lo com\u00fan, encontrar\u00e1 toda una gama de alquileres vacacionales clasificados, en el barrio de [&hellip;]<\/p>\n","protected":false},"author":1,"featured_media":11383,"parent":30213,"menu_order":1,"comment_status":"closed","ping_status":"closed","template":"","meta":{"_acf_changed":false,"_seopress_robots_primary_cat":"","_seopress_titles_title":"\u00bfD\u00f3nde dormir? | Hendaya Turismo","_seopress_titles_desc":"Dormir bien es esencial para disfrutar de una buena estancia en Hendaya. Tanto si busca la comodidad de un hotel de 4 estrellas como la sombra natural deun camping, Hendaya es su base ideal.","_seopress_robots_index":"","footnotes":""},"class_list":["post-30217","page","type-page","status-publish","has-post-thumbnail","hentry"],"acf":[],"_links":{"self":[{"href":"https:\/\/www.hendaye-tourisme.fr\/es\/wp-json\/wp\/v2\/pages\/30217","targetHints":{"allow":["GET"]}}],"collection":[{"href":"https:\/\/www.hendaye-tourisme.fr\/es\/wp-json\/wp\/v2\/pages"}],"about":[{"href":"https:\/\/www.hendaye-tourisme.fr\/es\/wp-json\/wp\/v2\/types\/page"}],"author":[{"embeddable":true,"href":"https:\/\/www.hendaye-tourisme.fr\/es\/wp-json\/wp\/v2\/users\/1"}],"replies":[{"embeddable":true,"href":"https:\/\/www.hendaye-tourisme.fr\/es\/wp-json\/wp\/v2\/comments?post=30217"}],"version-history":[{"count":2,"href":"https:\/\/www.hendaye-tourisme.fr\/es\/wp-json\/wp\/v2\/pages\/30217\/revisions"}],"predecessor-version":[{"id":70019,"href":"https:\/\/www.hendaye-tourisme.fr\/es\/wp-json\/wp\/v2\/pages\/30217\/revisions\/70019"}],"up":[{"embeddable":true,"href":"https:\/\/www.hendaye-tourisme.fr\/es\/wp-json\/wp\/v2\/pages\/30213"}],"wp:featuredmedia":[{"embeddable":true,"href":"https:\/\/www.hendaye-tourisme.fr\/es\/wp-json\/wp\/v2\/media\/11383"}],"wp:attachment":[{"href":"https:\/\/www.hendaye-tourisme.fr\/es\/wp-json\/wp\/v2\/media?parent=30217"}],"curies":[{"name":"wp","href":"https:\/\/api.w.org\/{rel}","templated":true}]}}