{"id":15453,"date":"2023-12-18T09:51:23","date_gmt":"2023-12-18T08:51:23","guid":{"rendered":"https:\/\/www.hendaye-tourisme.fr\/alrededores-de-hendaya\/"},"modified":"2024-10-03T16:51:43","modified_gmt":"2024-10-03T14:51:43","slug":"alrededores-de-hendaya","status":"publish","type":"page","link":"https:\/\/www.hendaye-tourisme.fr\/es\/alrededores-de-hendaya\/","title":{"rendered":"Alrededores de Hendaya"},"content":{"rendered":"\n<div class=\"wp-block-columns is-layout-flex wp-container-core-columns-is-layout-9d6595d7 wp-block-columns-is-layout-flex\">\n<div class=\"wp-block-column is-layout-flow wp-block-column-is-layout-flow\" style=\"flex-basis:33.33%\"><div class=\"highlight-bloc-container \" id=\"ts-block-65368af54ee28\"  >\n\t<div class=\"highlight-bloc-content\">\n\t\t<div class=\"acf-innerblocks-container\">\n\n<h2 class=\"wp-block-heading suptitle\">Descubra el Pa\u00eds Vasco desde Hendaya&#8230;<\/h2>\n\n<\/div>\t<\/div>\n<\/div>\n<\/div>\n\n\n\n<div class=\"wp-block-column is-layout-flow wp-block-column-is-layout-flow\" style=\"flex-basis:66.66%\">\n<p>Casas blancas con paneles de madera de colores, campos de golf junto al oc\u00e9ano, senderismo en las estribaciones de los Pirineos&#8230; Hendaya es una puerta de entrada ideal a los encantos del Pa\u00eds Vasco.<\/p>\n<\/div>\n<\/div>\n\n<div style=\"height:40px\" aria-hidden=\"true\" class=\"wp-block-spacer\"><\/div>\n\n<h2 class=\"wp-block-heading\">Nuestros imprescindibles &#8211; A 15 minutos<\/h2>\n\n<div class=\"wp-block-columns has-light-blue-background-color has-background is-layout-flex wp-container-core-columns-is-layout-9d6595d7 wp-block-columns-is-layout-flex\">\n<div class=\"wp-block-column is-layout-flow wp-block-column-is-layout-flow\"><div class=\"banner-container  text-shadow btn-hover\" id=\"ts-block-646f624570910\"  >\n\t\t<a href=\"https:\/\/www.hendaye-tourisme.fr\/autour-dhendaye\/hondarribia-la-cite-fortifiee\/\" target=\"\">\n\t\t\t<div class=\"banner-content\">\n\n<div class=\"wp-block-cover is-light has-custom-content-position is-position-top-left\" style=\"min-height:350px;aspect-ratio:unset;\"><span aria-hidden=\"true\" class=\"wp-block-cover__background has-white-background-color has-background-dim\"><\/span><img decoding=\"async\" width=\"1400\" height=\"933\" class=\"wp-block-cover__image-background wp-image-62969\" alt=\"\" src=\"https:\/\/www.hendaye-tourisme.fr\/wp-content\/uploads\/2024\/09\/1dia-hondarribia-22.jpg\" data-object-fit=\"cover\" srcset=\"https:\/\/www.hendaye-tourisme.fr\/wp-content\/uploads\/2024\/09\/1dia-hondarribia-22.jpg 1400w, https:\/\/www.hendaye-tourisme.fr\/wp-content\/uploads\/2024\/09\/1dia-hondarribia-22-800x533.jpg 800w, https:\/\/www.hendaye-tourisme.fr\/wp-content\/uploads\/2024\/09\/1dia-hondarribia-22-1024x682.jpg 1024w, https:\/\/www.hendaye-tourisme.fr\/wp-content\/uploads\/2024\/09\/1dia-hondarribia-22-768x512.jpg 768w\" sizes=\"(max-width: 1400px) 100vw, 1400px\" \/><div class=\"wp-block-cover__inner-container is-layout-flow wp-block-cover-is-layout-flow\">\n<h3 class=\"wp-block-heading has-white-color has-text-color\">Hondarribia, la ciudad amurallada<\/h3>\n<\/div><\/div>\n\n<\/div>\t\t\t\t\t<div class=\"wp-block-button is-style-outline\">\n\t\t\t<button class=\"wp-block-button__link\">D\u00e9couvrir<\/button>\n\t\t<\/div>\n\t\t\t<\/a>\n\t\t<\/div>\n<\/div>\n\n\n\n<div class=\"wp-block-column is-layout-flow wp-block-column-is-layout-flow\"><div class=\"banner-container  text-shadow btn-hover\" id=\"ts-block-646f624570939\"  >\n\t\t<a href=\"https:\/\/www.hendaye-tourisme.fr\/autour-dhendaye\/saint-jean-de-luz-la-royale\/\" target=\"\">\n\t\t\t<div class=\"banner-content\">\n\n<div class=\"wp-block-cover is-light has-custom-content-position is-position-top-left\" style=\"min-height:350px;aspect-ratio:unset;\"><span aria-hidden=\"true\" class=\"wp-block-cover__background has-background-dim\" style=\"background-color:#8c9196\"><\/span><img decoding=\"async\" width=\"2048\" height=\"1531\" class=\"wp-block-cover__image-background wp-image-62973\" alt=\"\" src=\"https:\/\/www.hendaye-tourisme.fr\/wp-content\/uploads\/2024\/09\/saint-jean-de-luz-le-port-et-maison-de-linfante-copyf.perrot-scaled.jpg\" data-object-fit=\"cover\" srcset=\"https:\/\/www.hendaye-tourisme.fr\/wp-content\/uploads\/2024\/09\/saint-jean-de-luz-le-port-et-maison-de-linfante-copyf.perrot-scaled.jpg 2048w, https:\/\/www.hendaye-tourisme.fr\/wp-content\/uploads\/2024\/09\/saint-jean-de-luz-le-port-et-maison-de-linfante-copyf.perrot-800x598.jpg 800w, https:\/\/www.hendaye-tourisme.fr\/wp-content\/uploads\/2024\/09\/saint-jean-de-luz-le-port-et-maison-de-linfante-copyf.perrot-1024x765.jpg 1024w, https:\/\/www.hendaye-tourisme.fr\/wp-content\/uploads\/2024\/09\/saint-jean-de-luz-le-port-et-maison-de-linfante-copyf.perrot-768x574.jpg 768w, https:\/\/www.hendaye-tourisme.fr\/wp-content\/uploads\/2024\/09\/saint-jean-de-luz-le-port-et-maison-de-linfante-copyf.perrot-1536x1148.jpg 1536w\" sizes=\"(max-width: 2048px) 100vw, 2048px\" \/><div class=\"wp-block-cover__inner-container is-layout-flow wp-block-cover-is-layout-flow\">\n<h3 class=\"wp-block-heading has-white-color has-text-color\">San Juan de Luz, ciudad real<\/h3>\n<\/div><\/div>\n\n<\/div>\t\t\t\t\t<div class=\"wp-block-button is-style-outline\">\n\t\t\t<button class=\"wp-block-button__link\">D\u00e9couvrir<\/button>\n\t\t<\/div>\n\t\t\t<\/a>\n\t\t<\/div>\n<\/div>\n<\/div>\n\n<div style=\"height:40px\" aria-hidden=\"true\" class=\"wp-block-spacer\"><\/div>\n\n<h2 class=\"wp-block-heading\">Nuestros favoritos &#8211; A 30 minutos<\/h2>\n\n<div class=\"wp-block-columns has-light-blue-background-color has-background is-layout-flex wp-container-core-columns-is-layout-9d6595d7 wp-block-columns-is-layout-flex\">\n<div class=\"wp-block-column is-layout-flow wp-block-column-is-layout-flow\" style=\"flex-basis:44.45%\"><div class=\"banner-container  text-shadow with-overlay btn-hover\" id=\"ts-block-646f624570910\"  >\n\t\t<a href=\"https:\/\/www.hendaye-tourisme.fr\/autour-dhendaye\/bayonne-anglet-biarritz\/\" target=\"\">\n\t\t\t<div class=\"banner-content\">\n\n<div class=\"wp-block-cover has-custom-content-position is-position-top-left\" style=\"min-height:350px;aspect-ratio:unset;\"><span aria-hidden=\"true\" class=\"wp-block-cover__background has-background-dim\"><\/span><img decoding=\"async\" width=\"1400\" height=\"1522\" class=\"wp-block-cover__image-background wp-image-62980\" alt=\"\" src=\"https:\/\/www.hendaye-tourisme.fr\/wp-content\/uploads\/2024\/09\/bayonne-quai-de-la-nive-001-copypierre-alex.jpg\" data-object-fit=\"cover\" srcset=\"https:\/\/www.hendaye-tourisme.fr\/wp-content\/uploads\/2024\/09\/bayonne-quai-de-la-nive-001-copypierre-alex.jpg 1400w, https:\/\/www.hendaye-tourisme.fr\/wp-content\/uploads\/2024\/09\/bayonne-quai-de-la-nive-001-copypierre-alex-552x600.jpg 552w, https:\/\/www.hendaye-tourisme.fr\/wp-content\/uploads\/2024\/09\/bayonne-quai-de-la-nive-001-copypierre-alex-942x1024.jpg 942w, https:\/\/www.hendaye-tourisme.fr\/wp-content\/uploads\/2024\/09\/bayonne-quai-de-la-nive-001-copypierre-alex-768x835.jpg 768w\" sizes=\"(max-width: 1400px) 100vw, 1400px\" \/><div class=\"wp-block-cover__inner-container is-layout-flow wp-block-cover-is-layout-flow\">\n<h3 class=\"wp-block-heading has-white-color has-text-color\">Bayona y sus vecinos, Anglet y Biarritz<\/h3>\n<\/div><\/div>\n\n<\/div>\t\t\t\t\t<div class=\"wp-block-button is-style-outline\">\n\t\t\t<button class=\"wp-block-button__link\">D\u00e9couvrir<\/button>\n\t\t<\/div>\n\t\t\t<\/a>\n\t\t<\/div>\n<\/div>\n\n\n\n<div class=\"wp-block-column is-layout-flow wp-block-column-is-layout-flow\" style=\"flex-basis:22.22%\"><div class=\"banner-container  text-shadow with-overlay btn-hover\" id=\"ts-block-646f624570910\"  >\n\t\t<a href=\"https:\/\/www.hendaye-tourisme.fr\/autour-dhendaye\/sare-voyage-au-fil-du-temps\/\" target=\"\">\n\t\t\t<div class=\"banner-content\">\n\n<div class=\"wp-block-cover has-custom-content-position is-position-top-left\" style=\"min-height:350px;aspect-ratio:unset;\"><span aria-hidden=\"true\" class=\"wp-block-cover__background has-background-dim\"><\/span><img decoding=\"async\" width=\"1400\" height=\"930\" class=\"wp-block-cover__image-background wp-image-62984\" alt=\"\" src=\"https:\/\/www.hendaye-tourisme.fr\/wp-content\/uploads\/2024\/09\/sare-centre-village-copy-tc-basques.jpg\" data-object-fit=\"cover\" srcset=\"https:\/\/www.hendaye-tourisme.fr\/wp-content\/uploads\/2024\/09\/sare-centre-village-copy-tc-basques.jpg 1400w, https:\/\/www.hendaye-tourisme.fr\/wp-content\/uploads\/2024\/09\/sare-centre-village-copy-tc-basques-800x531.jpg 800w, https:\/\/www.hendaye-tourisme.fr\/wp-content\/uploads\/2024\/09\/sare-centre-village-copy-tc-basques-1024x680.jpg 1024w, https:\/\/www.hendaye-tourisme.fr\/wp-content\/uploads\/2024\/09\/sare-centre-village-copy-tc-basques-768x510.jpg 768w\" sizes=\"(max-width: 1400px) 100vw, 1400px\" \/><div class=\"wp-block-cover__inner-container is-layout-flow wp-block-cover-is-layout-flow\">\n<h3 class=\"wp-block-heading has-white-color has-text-color\">Sare, clasificado como uno de los pueblos m\u00e1s bonitos de Francia<\/h3>\n<\/div><\/div>\n\n<\/div>\t\t\t\t\t<div class=\"wp-block-button is-style-outline\">\n\t\t\t<button class=\"wp-block-button__link\">D\u00e9couvrir<\/button>\n\t\t<\/div>\n\t\t\t<\/a>\n\t\t<\/div>\n<\/div>\n\n\n\n<div class=\"wp-block-column is-layout-flow wp-block-column-is-layout-flow\" style=\"flex-basis:33.33%\"><div class=\"banner-container  text-shadow with-overlay btn-hover\" id=\"ts-block-646f624570910\"  >\n\t\t<a href=\"https:\/\/www.hendaye-tourisme.fr\/autour-dhendaye\/san-sebastian-capitale-du-gipuzkoa\/\" target=\"\">\n\t\t\t<div class=\"banner-content\">\n\n<div class=\"wp-block-cover has-custom-content-position is-position-top-left\" style=\"min-height:350px;aspect-ratio:unset;\"><span aria-hidden=\"true\" class=\"wp-block-cover__background has-background-dim\"><\/span><img decoding=\"async\" width=\"799\" height=\"532\" class=\"wp-block-cover__image-background wp-image-63507\" alt=\"- Donostia San Sebastian Turismoa (15) - Hendaye Tourisme\" src=\"https:\/\/www.hendaye-tourisme.fr\/wp-content\/uploads\/2024\/10\/donostia-san-sebastian-turismoa-15.jpg\" data-object-fit=\"cover\" srcset=\"https:\/\/www.hendaye-tourisme.fr\/wp-content\/uploads\/2024\/10\/donostia-san-sebastian-turismoa-15.jpg 799w, https:\/\/www.hendaye-tourisme.fr\/wp-content\/uploads\/2024\/10\/donostia-san-sebastian-turismoa-15-768x511.jpg 768w\" sizes=\"(max-width: 799px) 100vw, 799px\" \/><div class=\"wp-block-cover__inner-container is-layout-flow wp-block-cover-is-layout-flow\">\n<h3 class=\"wp-block-heading has-white-color has-text-color\">San Sebasti\u00e1n, La Perla del Sur del Pa\u00eds Vasco<\/h3>\n<\/div><\/div>\n\n<\/div>\t\t\t\t\t<div class=\"wp-block-button is-style-outline\">\n\t\t\t<button class=\"wp-block-button__link\">D\u00e9couvrir<\/button>\n\t\t<\/div>\n\t\t\t<\/a>\n\t\t<\/div>\n<\/div>\n<\/div>\n\n<div style=\"height:40px\" aria-hidden=\"true\" class=\"wp-block-spacer\"><\/div>\n\n<h2 class=\"wp-block-heading\">Tambi\u00e9n nos gusta&#8230;<\/h2>\n\n<div class=\"wp-block-columns has-light-blue-background-color has-background is-layout-flex wp-container-core-columns-is-layout-9d6595d7 wp-block-columns-is-layout-flex\">\n<div class=\"wp-block-column is-layout-flow wp-block-column-is-layout-flow\" style=\"flex-basis:25%\"><div class=\"banner-container  text-shadow with-overlay btn-hover\" id=\"ts-block-646f624570910\"  >\n\t\t<a href=\"https:\/\/www.hendaye-tourisme.fr\/cambo-les-bains\/\" target=\"\">\n\t\t\t<div class=\"banner-content\">\n\n<div class=\"wp-block-cover has-custom-content-position is-position-top-left\" style=\"min-height:350px;aspect-ratio:unset;\"><span aria-hidden=\"true\" class=\"wp-block-cover__background has-background-dim\"><\/span><img decoding=\"async\" width=\"1400\" height=\"1051\" class=\"wp-block-cover__image-background wp-image-62988\" alt=\"\" src=\"https:\/\/www.hendaye-tourisme.fr\/wp-content\/uploads\/2024\/09\/cambo-villa-arnaga-facade-002-copyf.perrot.jpg\" data-object-fit=\"cover\" srcset=\"https:\/\/www.hendaye-tourisme.fr\/wp-content\/uploads\/2024\/09\/cambo-villa-arnaga-facade-002-copyf.perrot.jpg 1400w, https:\/\/www.hendaye-tourisme.fr\/wp-content\/uploads\/2024\/09\/cambo-villa-arnaga-facade-002-copyf.perrot-800x600.jpg 800w, https:\/\/www.hendaye-tourisme.fr\/wp-content\/uploads\/2024\/09\/cambo-villa-arnaga-facade-002-copyf.perrot-1024x769.jpg 1024w, https:\/\/www.hendaye-tourisme.fr\/wp-content\/uploads\/2024\/09\/cambo-villa-arnaga-facade-002-copyf.perrot-768x577.jpg 768w\" sizes=\"(max-width: 1400px) 100vw, 1400px\" \/><div class=\"wp-block-cover__inner-container is-layout-flow wp-block-cover-is-layout-flow\">\n<h3 class=\"wp-block-heading has-white-color has-text-color\">Cambo-Les-Bains, un entorno verde<\/h3>\n<\/div><\/div>\n\n<\/div>\t\t\t\t\t<div class=\"wp-block-button is-style-outline\">\n\t\t\t<button class=\"wp-block-button__link\">D\u00e9couvrir<\/button>\n\t\t<\/div>\n\t\t\t<\/a>\n\t\t<\/div>\n<\/div>\n\n\n\n<div class=\"wp-block-column is-layout-flow wp-block-column-is-layout-flow\" style=\"flex-basis:50%\"><div class=\"banner-container  text-shadow with-overlay btn-hover\" id=\"ts-block-646f624570910\"  >\n\t\t<a href=\"https:\/\/www.hendaye-tourisme.fr\/saint-jean-pied-de-port\/\" target=\"\">\n\t\t\t<div class=\"banner-content\">\n\n<div class=\"wp-block-cover has-custom-content-position is-position-top-left\" style=\"min-height:350px;aspect-ratio:unset;\"><span aria-hidden=\"true\" class=\"wp-block-cover__background has-background-dim\"><\/span><img decoding=\"async\" width=\"1400\" height=\"933\" class=\"wp-block-cover__image-background wp-image-62992\" alt=\"\" src=\"https:\/\/www.hendaye-tourisme.fr\/wp-content\/uploads\/2024\/09\/st-jean-pied-de-port-et-pont-copycdt64.jpg\" data-object-fit=\"cover\" srcset=\"https:\/\/www.hendaye-tourisme.fr\/wp-content\/uploads\/2024\/09\/st-jean-pied-de-port-et-pont-copycdt64.jpg 1400w, https:\/\/www.hendaye-tourisme.fr\/wp-content\/uploads\/2024\/09\/st-jean-pied-de-port-et-pont-copycdt64-800x533.jpg 800w, https:\/\/www.hendaye-tourisme.fr\/wp-content\/uploads\/2024\/09\/st-jean-pied-de-port-et-pont-copycdt64-1024x682.jpg 1024w, https:\/\/www.hendaye-tourisme.fr\/wp-content\/uploads\/2024\/09\/st-jean-pied-de-port-et-pont-copycdt64-768x512.jpg 768w\" sizes=\"(max-width: 1400px) 100vw, 1400px\" \/><div class=\"wp-block-cover__inner-container is-layout-flow wp-block-cover-is-layout-flow\">\n<h3 class=\"wp-block-heading has-white-color has-text-color\"><br\/>Saint-Jean-Pied-De-Port, en el Camino de Santiago<\/h3>\n<\/div><\/div>\n\n<\/div>\t\t\t\t\t<div class=\"wp-block-button is-style-outline\">\n\t\t\t<button class=\"wp-block-button__link\">D\u00e9couvrir<\/button>\n\t\t<\/div>\n\t\t\t<\/a>\n\t\t<\/div>\n<\/div>\n\n\n\n<div class=\"wp-block-column is-layout-flow wp-block-column-is-layout-flow\" style=\"flex-basis:25%\"><div class=\"banner-container  text-shadow with-overlay btn-hover\" id=\"ts-block-646f624570910\"  >\n\t\t<a href=\"https:\/\/www.hendaye-tourisme.fr\/autour-dhendaye\/bilbao\/\" target=\"\">\n\t\t\t<div class=\"banner-content\">\n\n<div class=\"wp-block-cover has-custom-content-position is-position-top-left\" style=\"min-height:350px;aspect-ratio:unset;\"><span aria-hidden=\"true\" class=\"wp-block-cover__background has-background-dim\"><\/span><img decoding=\"async\" width=\"1440\" height=\"960\" class=\"wp-block-cover__image-background wp-image-63737\" alt=\"1-1 - Mus\u00e9e Guggenheim Bilbao\" src=\"https:\/\/www.hendaye-tourisme.fr\/wp-content\/uploads\/2024\/10\/1-1.jpg\" data-object-fit=\"cover\" srcset=\"https:\/\/www.hendaye-tourisme.fr\/wp-content\/uploads\/2024\/10\/1-1.jpg 1440w, https:\/\/www.hendaye-tourisme.fr\/wp-content\/uploads\/2024\/10\/1-1-800x533.jpg 800w, https:\/\/www.hendaye-tourisme.fr\/wp-content\/uploads\/2024\/10\/1-1-1024x683.jpg 1024w, https:\/\/www.hendaye-tourisme.fr\/wp-content\/uploads\/2024\/10\/1-1-768x512.jpg 768w\" sizes=\"(max-width: 1440px) 100vw, 1440px\" \/><div class=\"wp-block-cover__inner-container is-layout-flow wp-block-cover-is-layout-flow\">\n<h3 class=\"wp-block-heading has-white-color has-text-color\">Bilbao, y el Museo Guggenheim<\/h3>\n<\/div><\/div>\n\n<\/div>\t\t\t\t\t<div class=\"wp-block-button is-style-outline\">\n\t\t\t<button class=\"wp-block-button__link\">D\u00e9couvrir<\/button>\n\t\t<\/div>\n\t\t\t<\/a>\n\t\t<\/div>\n<\/div>\n<\/div>\n\n<div style=\"height:8px\" aria-hidden=\"true\" class=\"wp-block-spacer\"><\/div>\n","protected":false},"excerpt":{"rendered":"<p>Casas blancas con paneles de madera de colores, campos de golf junto al oc\u00e9ano, senderismo en las estribaciones de los Pirineos&#8230; Hendaya es una puerta de entrada ideal a los encantos del Pa\u00eds Vasco. Nuestros imprescindibles &#8211; A 15 minutos Nuestros favoritos &#8211; A 30 minutos Tambi\u00e9n nos gusta&#8230;<\/p>\n","protected":false},"author":4,"featured_media":14682,"parent":0,"menu_order":0,"comment_status":"closed","ping_status":"closed","template":"","meta":{"_acf_changed":false,"_seopress_robots_primary_cat":"","_seopress_titles_title":"","_seopress_titles_desc":"","_seopress_robots_index":"","footnotes":""},"class_list":["post-15453","page","type-page","status-publish","has-post-thumbnail","hentry"],"acf":[],"_links":{"self":[{"href":"https:\/\/www.hendaye-tourisme.fr\/es\/wp-json\/wp\/v2\/pages\/15453","targetHints":{"allow":["GET"]}}],"collection":[{"href":"https:\/\/www.hendaye-tourisme.fr\/es\/wp-json\/wp\/v2\/pages"}],"about":[{"href":"https:\/\/www.hendaye-tourisme.fr\/es\/wp-json\/wp\/v2\/types\/page"}],"author":[{"embeddable":true,"href":"https:\/\/www.hendaye-tourisme.fr\/es\/wp-json\/wp\/v2\/users\/4"}],"replies":[{"embeddable":true,"href":"https:\/\/www.hendaye-tourisme.fr\/es\/wp-json\/wp\/v2\/comments?post=15453"}],"version-history":[{"count":2,"href":"https:\/\/www.hendaye-tourisme.fr\/es\/wp-json\/wp\/v2\/pages\/15453\/revisions"}],"predecessor-version":[{"id":63755,"href":"https:\/\/www.hendaye-tourisme.fr\/es\/wp-json\/wp\/v2\/pages\/15453\/revisions\/63755"}],"wp:featuredmedia":[{"embeddable":true,"href":"https:\/\/www.hendaye-tourisme.fr\/es\/wp-json\/wp\/v2\/media\/14682"}],"wp:attachment":[{"href":"https:\/\/www.hendaye-tourisme.fr\/es\/wp-json\/wp\/v2\/media?parent=15453"}],"curies":[{"name":"wp","href":"https:\/\/api.w.org\/{rel}","templated":true}]}}